{"id":10294,"date":"2024-02-29T15:35:54","date_gmt":"2024-02-29T14:35:54","guid":{"rendered":"https:\/\/www.paxchristi.at\/?page_id=10294"},"modified":"2026-02-23T11:02:14","modified_gmt":"2026-02-23T10:02:14","slug":"generalversammlung-2024","status":"publish","type":"page","link":"https:\/\/www.paxchristi.at\/?page_id=10294","title":{"rendered":"Generalversammlung und Studientag 2026"},"content":{"rendered":"<div class=\"time-block\">\n<h3><strong>Generalversammlung 2026 in Linz<\/strong><strong>\u00a0von Pax Christi \u00d6sterreich<\/strong><\/h3>\n<p>Die Generalversammlung mit Studienteil von Pax Christi \u00d6sterreich findet am 20. und 21. M\u00e4rz 2026 in Linz statt.<\/p>\n<p><strong><a href=\"https:\/\/www.paxchristi.at\/wp-content\/uploads\/2026\/01\/Plakat_Studientag.jpg\"><img decoding=\"async\" loading=\"lazy\" class=\" wp-image-10768 alignright\" src=\"https:\/\/www.paxchristi.at\/wp-content\/uploads\/2026\/01\/Plakat_Studientag.jpg\" alt=\"\" width=\"307\" height=\"436\" srcset=\"https:\/\/www.paxchristi.at\/wp-content\/uploads\/2026\/01\/Plakat_Studientag.jpg 628w, https:\/\/www.paxchristi.at\/wp-content\/uploads\/2026\/01\/Plakat_Studientag-211x300.jpg 211w\" sizes=\"(max-width: 307px) 100vw, 307px\" \/><\/a>Freitag, 20. M\u00e4rz 2026, 14:30 &#8211; 18:00<\/strong><br \/>\nGeneralversammlung Pax Christi \u00d6sterreich<br \/>\nPriesterseminar Linz, Harrachstra\u00dfe 7, 4020 Linz<\/p>\n<p><strong>Samstag, 21. M\u00e4rz 2026, 9:00 &#8211; 13:00<\/strong><br \/>\nStudienteil mit Olaf M\u00fcller: Aufgekl\u00e4rter Pazifismus<br \/>\n<em>Soziale Verteidigung als wachsender Pfeiler nationaler Verteidigung<\/em><br \/>\nPriesterseminar Linz, Harrachstra\u00dfe 7, 4020 Linz<\/p>\n<p>\u00dcbernachtungsm\u00f6glichkeit besteht im Priesterseminar.\u00a0<strong>Anmeldung (bis 8. M\u00e4rz) und n\u00e4here Infos bitte unter: <a href=\"mailto:office@paxchristi.at\">office@paxchristi.at<\/a><\/strong><\/p>\n<\/div>\n","protected":false},"excerpt":{"rendered":"<p>Generalversammlung 2026 in Linz\u00a0von Pax Christi \u00d6sterreich Die Generalversammlung mit Studienteil von Pax Christi \u00d6sterreich findet am 20. und 21. M\u00e4rz 2026 in Linz statt. Freitag, 20. M\u00e4rz 2026, 14:30 &#8211; 18:00 Generalversammlung Pax Christi \u00d6sterreich Priesterseminar Linz, Harrachstra\u00dfe 7, 4020 Linz Samstag, 21. M\u00e4rz 2026, 9:00 &#8211; 13:00 Studienteil mit Olaf M\u00fcller: Aufgekl\u00e4rter Pazifismus &hellip; <\/p>\n<p class=\"link-more\"><a href=\"https:\/\/www.paxchristi.at\/?page_id=10294\" class=\"more-link\"><span class=\"screen-reader-text\">\u201eGeneralversammlung und Studientag 2026\u201c<\/span> weiterlesen<\/a><\/p>\n","protected":false},"author":1,"featured_media":0,"parent":0,"menu_order":0,"comment_status":"closed","ping_status":"closed","template":"","meta":{"footnotes":"","_mc_calendar":[]},"_links":{"self":[{"href":"https:\/\/www.paxchristi.at\/index.php?rest_route=\/wp\/v2\/pages\/10294"}],"collection":[{"href":"https:\/\/www.paxchristi.at\/index.php?rest_route=\/wp\/v2\/pages"}],"about":[{"href":"https:\/\/www.paxchristi.at\/index.php?rest_route=\/wp\/v2\/types\/page"}],"author":[{"embeddable":true,"href":"https:\/\/www.paxchristi.at\/index.php?rest_route=\/wp\/v2\/users\/1"}],"replies":[{"embeddable":true,"href":"https:\/\/www.paxchristi.at\/index.php?rest_route=%2Fwp%2Fv2%2Fcomments&post=10294"}],"version-history":[{"count":21,"href":"https:\/\/www.paxchristi.at\/index.php?rest_route=\/wp\/v2\/pages\/10294\/revisions"}],"predecessor-version":[{"id":10796,"href":"https:\/\/www.paxchristi.at\/index.php?rest_route=\/wp\/v2\/pages\/10294\/revisions\/10796"}],"wp:attachment":[{"href":"https:\/\/www.paxchristi.at\/index.php?rest_route=%2Fwp%2Fv2%2Fmedia&parent=10294"}],"curies":[{"name":"wp","href":"https:\/\/api.w.org\/{rel}","templated":true}]}}