{"id":217,"date":"2010-07-06T22:39:44","date_gmt":"2010-07-06T22:39:44","guid":{"rendered":"http:\/\/www.paxchristi.at\/?page_id=217"},"modified":"2025-12-22T11:29:53","modified_gmt":"2025-12-22T10:29:53","slug":"kontakt","status":"publish","type":"page","link":"https:\/\/www.paxchristi.at\/?page_id=217","title":{"rendered":"Vorstand und Sekretariat"},"content":{"rendered":"<h3>Das Sekretariat\u00a0von Pax Christi \u00d6sterreich befindet sich in Linz:<\/h3>\n<p>Kapuzinerstra\u00dfe 84, 4020 Linz<\/p>\n<p>Daniel Holzapfel (Generalsekretariat)<br \/>\nmobil: 0676\/8776 3254<br \/>\nMail: office@paxchristi.at<\/p>\n<p>B\u00fcrozeiten des Sekretariats: Montag, 9:30-12:30 Uhr und Freitag, 15:15-19:00 Uhr <em>[Info, wenn Sie das B\u00fcro am Freitagnachmittag pers\u00f6nlich besuchen m\u00f6chten: Vor dem Zutritt bitte unter 0676 8776 3254 anrufen, da der Haupteingang geschlossen ist]<\/em><\/p>\n<p>Vorstand von Pax Christi \u00d6sterreich<\/p>\n<p><a href=\"https:\/\/www.paxchristi.at\/wp-content\/uploads\/2025\/10\/Vorstand_neu.jpg\"><img decoding=\"async\" loading=\"lazy\" class=\"alignnone  wp-image-10684\" src=\"https:\/\/www.paxchristi.at\/wp-content\/uploads\/2025\/10\/Vorstand_neu-1024x576.jpg\" alt=\"\" width=\"335\" height=\"189\" srcset=\"https:\/\/www.paxchristi.at\/wp-content\/uploads\/2025\/10\/Vorstand_neu-1024x576.jpg 1024w, https:\/\/www.paxchristi.at\/wp-content\/uploads\/2025\/10\/Vorstand_neu-300x169.jpg 300w, https:\/\/www.paxchristi.at\/wp-content\/uploads\/2025\/10\/Vorstand_neu-768x432.jpg 768w, https:\/\/www.paxchristi.at\/wp-content\/uploads\/2025\/10\/Vorstand_neu-1536x864.jpg 1536w, https:\/\/www.paxchristi.at\/wp-content\/uploads\/2025\/10\/Vorstand_neu.jpg 2000w\" sizes=\"(max-width: 335px) 100vw, 335px\" \/><\/a><\/p>\n<table border=\"0\" width=\"500\" cellspacing=\"1\" cellpadding=\"0\">\n<tbody>\n<tr>\n<td>Pr\u00e4sident:<br \/>\nUniv.Prof. Dr. Wolfgang Palaver<\/td>\n<td><img decoding=\"async\" src=\"http:\/\/www.paxchristi.at\/wp-content\/uploads\/2019\/04\/Palaver.jpg\" width=\"150\" \/><\/td>\n<\/tr>\n<tr>\n<td>Stellvertreterin:<br \/>\nElisabeth Stibernitz<\/td>\n<td><img decoding=\"async\" style=\"width: 150px; height: 200px;\" src=\"http:\/\/www.paxchristi.at\/wp-content\/uploads\/2013\/09\/IMG_3851.jpg\" alt=\"\" \/><\/td>\n<\/tr>\n<tr>\n<td>Stellvertreterin:<br \/>\nSandra Mathis<\/td>\n<td><a href=\"https:\/\/www.paxchristi.at\/wp-content\/uploads\/2025\/07\/Sandra-Mathis-scaled.jpg\"><img decoding=\"async\" loading=\"lazy\" class=\"alignnone  wp-image-10614\" src=\"https:\/\/www.paxchristi.at\/wp-content\/uploads\/2025\/07\/Sandra-Mathis-768x1024.jpg\" alt=\"\" width=\"146\" height=\"195\" srcset=\"https:\/\/www.paxchristi.at\/wp-content\/uploads\/2025\/07\/Sandra-Mathis-768x1024.jpg 768w, https:\/\/www.paxchristi.at\/wp-content\/uploads\/2025\/07\/Sandra-Mathis-225x300.jpg 225w, https:\/\/www.paxchristi.at\/wp-content\/uploads\/2025\/07\/Sandra-Mathis-1152x1536.jpg 1152w, https:\/\/www.paxchristi.at\/wp-content\/uploads\/2025\/07\/Sandra-Mathis-1536x2048.jpg 1536w, https:\/\/www.paxchristi.at\/wp-content\/uploads\/2025\/07\/Sandra-Mathis-scaled.jpg 1920w\" sizes=\"(max-width: 146px) 100vw, 146px\" \/><\/a><\/td>\n<\/tr>\n<tr>\n<td>Geistliche Assistentin:<br \/>\nMag.a Uschi Tei\u00dfl-Mederer<br \/>\n<a href=\"mailto:utm68@outlook.com\">utm68@outlook.com<\/a><\/td>\n<td><img decoding=\"async\" loading=\"lazy\" src=\"http:\/\/www.paxchristi.at\/wp-content\/uploads\/2010\/07\/Uschi-Teissl-Mederer.jpg\" alt=\"Uschi Teissl-Mederer\" width=\"150\" height=\"150\" \/><\/td>\n<\/tr>\n<tr>\n<td>Generalsekret\u00e4r<br \/>\nDaniel Holzapfel<br \/>\n<a href=\"mailto:office@paxchristi.at\">office@paxchristi.at<\/a><\/td>\n<td><a href=\"https:\/\/www.paxchristi.at\/wp-content\/uploads\/2023\/03\/5909_572_1_pk19b090.jpg\"><img decoding=\"async\" loading=\"lazy\" class=\"alignnone  wp-image-10013\" src=\"https:\/\/www.paxchristi.at\/wp-content\/uploads\/2023\/03\/5909_572_1_pk19b090.jpg\" alt=\"\" width=\"151\" height=\"194\" \/><\/a><\/td>\n<\/tr>\n<tr>\n<td>Mag. Michael Huber-Kirchberger<br \/>\nDelegierter f\u00fcr<br \/>\nPax Christi International (PCI)<\/p>\n<p><a href=\"mailto:m.huki@gmx.at\">m.huki@gmx.at<\/a><\/td>\n<td><img decoding=\"async\" src=\"http:\/\/www.paxchristi.at\/wp-content\/uploads\/2019\/01\/Huber_Michael_web.jpg\" \/><\/td>\n<\/tr>\n<\/tbody>\n<\/table>\n<p>Spenden:<\/p>\n<p>Die vielf\u00e4ltige Arbeit von Pax Christi \u00d6sterreich in den Bereichen Frieden und Gerechtigkeit basiert auf dem Engagement von ehrenamtlichen MitarbeiterInnen und Funktion\u00e4rInnen. Die Finanzierung erfolgt \u00fcberwiegend aus Spenden im Rahmen von Veranstaltungen oder durch AbonnentInnen der Zeitung &#8222;pax&#8220;. Um unsere Arbeit f\u00fcr die Vision einer friedlicheren Gesellschaft weltweit durchsetzen zu k\u00f6nnen sind wir daher auf die Unterst\u00fctzung vieler Einzelner angewiesen.<\/p>\n<p>Wenn auch Sie unsere Arbeit unterst\u00fctzen wollen, k\u00f6nnen Sie dies durch \u00dcberweisung auf folgendes Konto:<\/p>\n<p>Oesterr.Sektion Pax Christi<br \/>\nHypo Ober\u00f6sterreich<br \/>\nIBAN: AT50 5400 0000 0037 3019<br \/>\nBIC: OBLAAT2L<br \/>\nDanke.<\/p>\n<p><a href=\"http:\/\/www.paxchristi.at\/?page_id=1333\" target=\"_blank\" rel=\"noopener noreferrer\">IMPRESSUM<\/a><\/p>\n","protected":false},"excerpt":{"rendered":"<p>Das Sekretariat\u00a0von Pax Christi \u00d6sterreich befindet sich in Linz: Kapuzinerstra\u00dfe 84, 4020 Linz Daniel Holzapfel (Generalsekretariat) mobil: 0676\/8776 3254 Mail: office@paxchristi.at B\u00fcrozeiten des Sekretariats: Montag, 9:30-12:30 Uhr und Freitag, 15:15-19:00 Uhr [Info, wenn Sie das B\u00fcro am Freitagnachmittag pers\u00f6nlich besuchen m\u00f6chten: Vor dem Zutritt bitte unter 0676 8776 3254 anrufen, da der Haupteingang geschlossen ist] &hellip; <\/p>\n<p class=\"link-more\"><a href=\"https:\/\/www.paxchristi.at\/?page_id=217\" class=\"more-link\"><span class=\"screen-reader-text\">\u201eVorstand und Sekretariat\u201c<\/span> weiterlesen<\/a><\/p>\n","protected":false},"author":1,"featured_media":0,"parent":2,"menu_order":0,"comment_status":"closed","ping_status":"closed","template":"","meta":{"footnotes":"","_mc_calendar":[]},"_links":{"self":[{"href":"https:\/\/www.paxchristi.at\/index.php?rest_route=\/wp\/v2\/pages\/217"}],"collection":[{"href":"https:\/\/www.paxchristi.at\/index.php?rest_route=\/wp\/v2\/pages"}],"about":[{"href":"https:\/\/www.paxchristi.at\/index.php?rest_route=\/wp\/v2\/types\/page"}],"author":[{"embeddable":true,"href":"https:\/\/www.paxchristi.at\/index.php?rest_route=\/wp\/v2\/users\/1"}],"replies":[{"embeddable":true,"href":"https:\/\/www.paxchristi.at\/index.php?rest_route=%2Fwp%2Fv2%2Fcomments&post=217"}],"version-history":[{"count":152,"href":"https:\/\/www.paxchristi.at\/index.php?rest_route=\/wp\/v2\/pages\/217\/revisions"}],"predecessor-version":[{"id":10729,"href":"https:\/\/www.paxchristi.at\/index.php?rest_route=\/wp\/v2\/pages\/217\/revisions\/10729"}],"up":[{"embeddable":true,"href":"https:\/\/www.paxchristi.at\/index.php?rest_route=\/wp\/v2\/pages\/2"}],"wp:attachment":[{"href":"https:\/\/www.paxchristi.at\/index.php?rest_route=%2Fwp%2Fv2%2Fmedia&parent=217"}],"curies":[{"name":"wp","href":"https:\/\/api.w.org\/{rel}","templated":true}]}}