{"id":6385,"date":"2015-02-19T11:23:41","date_gmt":"2015-02-19T10:23:41","guid":{"rendered":"http:\/\/www.paxchristi.at\/?page_id=6385"},"modified":"2025-11-10T10:52:05","modified_gmt":"2025-11-10T09:52:05","slug":"tirol-kotakt","status":"publish","type":"page","link":"https:\/\/www.paxchristi.at\/?page_id=6385","title":{"rendered":"Landesgruppe Tirol"},"content":{"rendered":"<p style=\"line-height: 20.7999992370605px;\"><u><span style=\"font-size: 14px;\"><span style=\"font-family: verdana,geneva,sans-serif;\"><strong>Personen\/Kontakt:<\/strong><\/span><\/span><\/u><\/p>\n<p style=\"line-height: 20.7999992370605px;\"><span style=\"font-size: 14px;\"><span style=\"font-family: verdana, geneva, sans-serif;\"><strong>Vorsitzende<\/strong><br \/>\nElisabeth Stibernitz (Foto)<br \/>\n<a href=\"mailto:elbestibernitz@aon.at\">elbestibernitz@aon.at<\/a><\/span><\/span><\/p>\n<p style=\"line-height: 20.7999992370605px;\"><img decoding=\"async\" style=\"width: 150px; height: 200px;\" src=\"http:\/\/www.paxchristi.at\/wp-content\/uploads\/2013\/09\/IMG_3851.jpg\" alt=\"\" \/><\/p>\n<p style=\"line-height: 20.7999992370605px;\"><span style=\"font-family: verdana, geneva, sans-serif;\"><span style=\"font-size: 14px;\"><strong>Geistliche Beir\u00e4tin<\/strong><br \/>\nUschi Tei\u00dfl-Mederer<br \/>\n<a href=\"mailto:u.teissl-mederer@tsn.at\">u.teissl-mederer@tsn.at<\/a><\/span><\/span><\/p>\n<p style=\"line-height: 20.7999992370605px;\"><strong style=\"font-family: verdana, geneva, sans-serif; font-size: 14px; line-height: 1.6em;\">Finanzreferent<\/strong><br \/>\n<span style=\"font-family: verdana, geneva, sans-serif; font-size: 14px; line-height: 1.6em;\">Bernhard Stibernitz<\/span><\/p>\n<p style=\"line-height: 20.7999992370605px;\"><span style=\"font-size: 14px;\"><span style=\"font-family: verdana, geneva, sans-serif;\"><strong>Sekret\u00e4r<\/strong><br \/>\nBernhard Kirchebner<br \/>\n<a href=\"mailto:b.kirchebner@tirol.com\">b.kirchebner@tirol.com<\/a><\/span><\/span><\/p>\n<p style=\"line-height: 20.7999992370605px;\"><strong style=\"font-family: verdana, geneva, sans-serif; font-size: 14px; line-height: 1.6em;\">Schriftf\u00fchrerin<\/strong><br \/>\n<span style=\"font-family: verdana, geneva, sans-serif; font-size: 14px; line-height: 1.6em;\">Gotlind Hammerer<\/span><br \/>\n<a style=\"font-family: verdana, geneva, sans-serif; font-size: 14px; line-height: 1.6em;\" href=\"mailto:gotlind.hammerer@gmx.at\">gotlind.hammerer@gmx.at<\/a><\/p>\n<p>&nbsp;<\/p>\n<p><strong>MITGLIEDSCHAFT bei Pax Christi Tirol:<\/strong><\/p>\n<p>Der Mitgliedsbeitrag f\u00fcr Pax Christi Tirol betr\u00e4gt \u20ac 30.-<br \/>\nHYPO TIROL BANK<br \/>\nLautend auf Pax Christi Tirol<br \/>\nIBAN: AT55 5700 0300 5560 6266<\/p>\n<p>&nbsp;<\/p>\n<p style=\"line-height: 20.7999992370605px;\"><u><span style=\"font-family: arial,helvetica,sans-serif;\"><span style=\"font-size: 16px;\"><strong><span style=\"font-size: 14px;\"><span style=\"font-family: verdana,geneva,sans-serif;\">Wider dem Vergessen: Pax Christi Tirol als \u201eErinnerungs- und Vers\u00f6hnungshilfe&#8220;<\/span><\/span><\/strong><\/span><\/span><\/u><\/p>\n<p style=\"line-height: 20.7999992370605px; text-align: justify;\"><span style=\"font-size: 14px;\"><span style=\"font-family: verdana,geneva,sans-serif;\">Schwerpunkte der Tiroler Pax-Christi-Landesgruppe waren in den letzten Jahren die aktuellen Konfliktsituationen am Balkan und im Nahen Osten, besonders der Konflikt Israel-Pal\u00e4stina. Mit Vortr\u00e4gen, Mahnwachen, Unterschriftenaktionen oder auch der Teilnahme an der Solidarit\u00e4ts- und Begegnungsfahrt im August 2008 nach Israel und Pal\u00e4stina versuchen wir eine breitere \u00d6ffentlichkeit zu sensibilisieren. Unser Verkauf von pal\u00e4stinensischen Produkten \u2013 Oliven\u00f6l, Olivenholz-Schnitzereien, Engel aus Glasscherben \u2013 st\u00e4rkt die pal\u00e4stinensische Bev\u00f6lkerung im \u201esumud\u201c, dem Standhalten, Ausharren gegen\u00fcber der Besatzung.<\/span><\/span><\/p>\n<p style=\"line-height: 20.7999992370605px; text-align: justify;\"><span style=\"font-size: 14px;\"><span style=\"font-family: verdana,geneva,sans-serif;\">Ein unverzichtbarer Anteil unserer Friedensarbeit besteht auch im Erinnern an Opfer der Gewalt und an Menschen, die der Versuchung zur Gewalt widerstanden haben.<\/span><\/span><\/p>\n<ul style=\"line-height: 20.7999992370605px;\">\n<li style=\"text-align: justify;\"><span style=\"font-size: 14px;\"><span style=\"font-family: verdana,geneva,sans-serif;\">So setzten wir in den letzten Jahren Zeichen des Gedenkens f\u00fcr die Opfer der Shoa und des Euthanasieprogramms der Nationalsozialisten.<\/span><\/span><a href=\"http:\/\/www.paxchristi.at\/wp-content\/uploads\/2010\/07\/PCT_2005_Gedenkweg-Euthanasieopfer.jpg\"><img decoding=\"async\" loading=\"lazy\" class=\"alignnone size-thumbnail wp-image-1223\" title=\"PCT_2005_Gedenkweg Euthanasieopfer\" src=\"http:\/\/www.paxchristi.at\/wp-content\/uploads\/2010\/07\/PCT_2005_Gedenkweg-Euthanasieopfer-150x150.jpg\" alt=\"\" width=\"150\" height=\"150\" \/><\/a><a href=\"http:\/\/www.paxchristi.at\/wp-content\/uploads\/2010\/07\/PCT_2008_Gedenkweg-Novemberpogrom02.jpg\"><img decoding=\"async\" loading=\"lazy\" class=\"alignnone size-thumbnail wp-image-1224\" title=\"PCT_2008_Gedenkweg Novemberpogrom02\" src=\"http:\/\/www.paxchristi.at\/wp-content\/uploads\/2010\/07\/PCT_2008_Gedenkweg-Novemberpogrom02-150x150.jpg\" alt=\"\" width=\"150\" height=\"150\" \/><\/a><a href=\"http:\/\/www.paxchristi.at\/wp-content\/uploads\/2010\/07\/PCT_2008_Gedenkweg-Novemberpogrom.jpg\"><img decoding=\"async\" loading=\"lazy\" class=\"alignnone size-thumbnail wp-image-1225\" title=\"PCT_2008_Gedenkweg Novemberpogrom\" src=\"http:\/\/www.paxchristi.at\/wp-content\/uploads\/2010\/07\/PCT_2008_Gedenkweg-Novemberpogrom-150x150.jpg\" alt=\"\" width=\"150\" height=\"150\" \/><\/a><\/li>\n<\/ul>\n<ul style=\"line-height: 20.7999992370605px;\">\n<li style=\"text-align: justify;\"><span style=\"font-size: 14px;\"><span style=\"font-family: verdana,geneva,sans-serif;\">Mit kanadischen Mitgliedern der\u00a0<a href=\"http:\/\/www.paxchristi.at\/wp-content\/uploads\/Folder%20Jakob%20Hutter_2011.pdf\" target=\"_blank\" rel=\"noopener\">Hutterer<\/a>, deren Vorfahren im 16. Jahrhundert unter der blutigen Verfolgung durch die kirchliche und weltliche Obrigkeit in Tirol litten, wurden vorsichtige Schritte einer Aufarbeitung der Geschichte gemacht.<\/span><\/span><a href=\"http:\/\/www.paxchristi.at\/wp-content\/uploads\/2010\/07\/PCT_2007_Hutterer02.jpg\"><img decoding=\"async\" loading=\"lazy\" class=\"alignnone size-thumbnail wp-image-1226\" title=\"PCT_2007_Hutterer02\" src=\"http:\/\/www.paxchristi.at\/wp-content\/uploads\/2010\/07\/PCT_2007_Hutterer02-150x150.jpg\" alt=\"\" width=\"150\" height=\"150\" \/><\/a><a href=\"http:\/\/www.paxchristi.at\/wp-content\/uploads\/2010\/07\/PCT_2007_Hutterer.jpg\"><img decoding=\"async\" loading=\"lazy\" class=\"alignnone size-thumbnail wp-image-1227\" title=\"PCT_2007_Hutterer\" src=\"http:\/\/www.paxchristi.at\/wp-content\/uploads\/2010\/07\/PCT_2007_Hutterer-150x150.jpg\" alt=\"\" width=\"150\" height=\"150\" \/><\/a><a href=\"http:\/\/www.paxchristi.at\/wp-content\/uploads\/2010\/07\/PCT_2010_Daoud-Nassar_vor-Hutterer-Gedenktafel.jpg\"><img decoding=\"async\" loading=\"lazy\" class=\"alignnone size-thumbnail wp-image-1233\" title=\"PCT_2010_Daoud Nassar_vor Hutterer-Gedenktafel\" src=\"http:\/\/www.paxchristi.at\/wp-content\/uploads\/2010\/07\/PCT_2010_Daoud-Nassar_vor-Hutterer-Gedenktafel-150x150.jpg\" alt=\"\" width=\"150\" height=\"150\" \/><\/a><\/li>\n<\/ul>\n<ul style=\"line-height: 20.7999992370605px;\">\n<li style=\"text-align: justify;\"><span style=\"font-size: 14px;\"><span style=\"font-family: verdana,geneva,sans-serif;\">Eine \u00f6kumenische Fahrt ins Zillertal in Erinnerung an die Vertreibung der Zillertaler Protestanten war unser kritischer Beitrag zum offiziellen Landesgedenkjahr an die Tiroler Geschichte.<\/span><\/span><a href=\"http:\/\/www.paxchristi.at\/wp-content\/uploads\/2010\/07\/PCT_2009_Zillertaler-Protestanten_ScheuerM\u00fcller.jpg\"><img decoding=\"async\" loading=\"lazy\" class=\"alignnone size-thumbnail wp-image-1228\" title=\"PCT_2009_Zillertaler Protestanten_ScheuerM\u00fcller\" src=\"http:\/\/www.paxchristi.at\/wp-content\/uploads\/2010\/07\/PCT_2009_Zillertaler-Protestanten_ScheuerM\u00fcller-150x150.jpg\" alt=\"\" width=\"150\" height=\"150\" \/><\/a><br \/>\n<span style=\"font-family: verdana,geneva,sans-serif;\"><span style=\"font-size: 12px;\">Vortrag von Bischof Manfred Scheuer:<\/span><strong style=\"line-height: 1.6em;\">\u00a0<\/strong><\/span><span style=\"font-size: 12px;\"><a style=\"line-height: 1.6em;\" href=\"http:\/\/www.paxchristi.at\/wp-content\/uploads\/Bischof Scheuer_Vortrag Inklinanten_090916(1).pdf\" target=\"_blank\" rel=\"noopener\">Inklinanten.pdf<\/a><\/span><br \/>\n<span style=\"font-family: verdana,geneva,sans-serif;\"><span style=\"font-size: 12px;\">Vortrag von Luise M\u00fcller:<\/span>\u00a0<\/span><span style=\"font-size: 12px;\"><a href=\"http:\/\/www.paxchristi.at\/wp-content\/uploads\/Luise M\u00fcller_Vortrag Glaube oder Heimat_090916.pdf\" target=\"_blank\" rel=\"noopener\">Glaube oder Heimat.pdf<\/a>\u00a0<\/span><\/li>\n<li style=\"text-align: justify;\"><span style=\"font-family: verdana,geneva,sans-serif;\"><span style=\"font-size: 14px;\">Eine Gedenkveranstaltung f\u00fcr die vor 20 Jahren ermordeten sechs Jesuiten und zwei Hausangestellten an der Universit\u00e4t in San Salvador, von denen zwei in Innsbruck studiert haben, war der Auftakt zu Veranstaltungen \u00fcber Befreiungstheologie heute.<\/span><\/span><a href=\"http:\/\/www.paxchristi.at\/wp-content\/uploads\/2010\/07\/PCT_2009_Gedenken-SanSalvador.jpg\"><img decoding=\"async\" loading=\"lazy\" class=\"alignnone size-thumbnail wp-image-1230\" title=\"PCT_2009_Gedenken SanSalvador\" src=\"http:\/\/www.paxchristi.at\/wp-content\/uploads\/2010\/07\/PCT_2009_Gedenken-SanSalvador-150x150.jpg\" alt=\"\" width=\"150\" height=\"150\" \/><\/a><a href=\"http:\/\/www.paxchristi.at\/wp-content\/uploads\/2013\/09\/IMG_3791.jpg\"><img decoding=\"async\" style=\"opacity: 0.9; width: 200px; height: 150px;\" src=\"http:\/\/www.paxchristi.at\/wp-content\/uploads\/2013\/09\/IMG_3791.jpg\" alt=\"Pax Christi Tirol\" \/><\/a><a href=\"http:\/\/www.paxchristi.at\/wp-content\/uploads\/2010\/07\/PCT_2009_Gedenken-SanSalvadorUni.jpg\"><img decoding=\"async\" loading=\"lazy\" class=\"alignnone size-thumbnail wp-image-1231\" title=\"PCT_2009_Gedenken SanSalvadorUni\" src=\"http:\/\/www.paxchristi.at\/wp-content\/uploads\/2010\/07\/PCT_2009_Gedenken-SanSalvadorUni-150x150.jpg\" alt=\"\" width=\"150\" height=\"150\" \/><\/a><\/li>\n<li style=\"text-align: justify;\"><span style=\"font-size: 14px;\"><span style=\"font-family: verdana,geneva,sans-serif;\">M\u00e4rtyrer des Gewissens wie der selige Franz J\u00e4gerst\u00e4tter oder Dietrich Bonhoeffer sind uns seit der Gr\u00fcndung unserer Landesgruppe vor 20 Jahren Mahner und Inspiration.<\/span><\/span><\/li>\n<\/ul>\n<p style=\"line-height: 20.7999992370605px; text-align: justify;\"><span style=\"font-size: 14px;\"><span style=\"font-family: verdana,geneva,sans-serif;\">Im Wissen darum, dass Frieden letztlich nicht machbar, sondern immer auch Geschenk ist, treffen wir uns\u00a0<strong>jeden dritten Donnerstag im Monat um 19.30 Uhr\u00a0<\/strong>im Innsbrucker\u00a0<strong>\u201eHaus der Begegnung\u201c\u00a0<\/strong>zum Friedensgebet oder feiern Gottesdienste zu besonderen Anl\u00e4ssen.<br \/>\nVers\u00f6hnung kann nur dort wachsen, wo die Opfer beider Seiten geh\u00f6rt werden und Solidarit\u00e4t und Gerechtigkeit erfahren. In diesem Sinn versuchen wir, den Frieden Christi \u2013 pax Christi \u2013 zu leben.<\/span><\/span><\/p>\n","protected":false},"excerpt":{"rendered":"<p>Personen\/Kontakt: Vorsitzende Elisabeth Stibernitz (Foto) elbestibernitz@aon.at Geistliche Beir\u00e4tin Uschi Tei\u00dfl-Mederer u.teissl-mederer@tsn.at Finanzreferent Bernhard Stibernitz Sekret\u00e4r Bernhard Kirchebner b.kirchebner@tirol.com Schriftf\u00fchrerin Gotlind Hammerer gotlind.hammerer@gmx.at &nbsp; MITGLIEDSCHAFT bei Pax Christi Tirol: Der Mitgliedsbeitrag f\u00fcr Pax Christi Tirol betr\u00e4gt \u20ac 30.- HYPO TIROL BANK Lautend auf Pax Christi Tirol IBAN: AT55 5700 0300 5560 6266 &nbsp; Wider dem Vergessen: &hellip; <\/p>\n<p class=\"link-more\"><a href=\"https:\/\/www.paxchristi.at\/?page_id=6385\" class=\"more-link\"><span class=\"screen-reader-text\">\u201eLandesgruppe Tirol\u201c<\/span> weiterlesen<\/a><\/p>\n","protected":false},"author":1,"featured_media":0,"parent":0,"menu_order":0,"comment_status":"closed","ping_status":"closed","template":"","meta":{"footnotes":"","_mc_calendar":[]},"_links":{"self":[{"href":"https:\/\/www.paxchristi.at\/index.php?rest_route=\/wp\/v2\/pages\/6385"}],"collection":[{"href":"https:\/\/www.paxchristi.at\/index.php?rest_route=\/wp\/v2\/pages"}],"about":[{"href":"https:\/\/www.paxchristi.at\/index.php?rest_route=\/wp\/v2\/types\/page"}],"author":[{"embeddable":true,"href":"https:\/\/www.paxchristi.at\/index.php?rest_route=\/wp\/v2\/users\/1"}],"replies":[{"embeddable":true,"href":"https:\/\/www.paxchristi.at\/index.php?rest_route=%2Fwp%2Fv2%2Fcomments&post=6385"}],"version-history":[{"count":19,"href":"https:\/\/www.paxchristi.at\/index.php?rest_route=\/wp\/v2\/pages\/6385\/revisions"}],"predecessor-version":[{"id":10701,"href":"https:\/\/www.paxchristi.at\/index.php?rest_route=\/wp\/v2\/pages\/6385\/revisions\/10701"}],"wp:attachment":[{"href":"https:\/\/www.paxchristi.at\/index.php?rest_route=%2Fwp%2Fv2%2Fmedia&parent=6385"}],"curies":[{"name":"wp","href":"https:\/\/api.w.org\/{rel}","templated":true}]}}