{"id":9185,"date":"2020-12-15T12:22:26","date_gmt":"2020-12-15T11:22:26","guid":{"rendered":"https:\/\/www.paxchristi.at\/?page_id=9185"},"modified":"2020-12-18T11:10:36","modified_gmt":"2020-12-18T10:10:36","slug":"my-calendar","status":"publish","type":"page","link":"https:\/\/www.paxchristi.at\/?page_id=9185","title":{"rendered":"Termine Pax Christi"},"content":{"rendered":"\r\n<div id=\"my-calendar\" class=\"mc-main mcjs listjs gridjs minijs ajaxjs twentytwenty calendar month my-calendar\" >\n<script type=\"application\/ld+json\">\n[{\"@context\":\"https:\/\/schema.org\",\"@type\":\"Event\",\"name\":\"Konstanz: Bodensee Friedensweg\",\"description\":\"Motto: Wir entr\\u00fcsten uns! Treffpunkt Konzertmuschel im Stadtgarten Konstanz\",\"image\":\"\",\"url\":\"https:\/\/www.paxchristi.at\/?mc-events=konstanz-bodensee-friedensweg&amp;mc_id=307\",\"startDate\":\"2026-04-06T13:00:00+00:00\",\"endDate\":\"2026-04-06T14:00:00+00:00\",\"duration\":\"PT1H\",\"eventAttendanceMode\":\"https:\/\/schema.org\/OfflineEventAttendanceMode\",\"location\":{\"@context\":\"https:\/\/schema.org\",\"@type\":\"Place\",\"name\":\"Konstanz am Bodensee\",\"description\":\"\",\"url\":\"https:\/\/www.paxchristi.at\/?mc-locations=konstanz-am-bodensee\",\"address\":{\"@type\":\"PostalAddress\",\"streetAddress\":\"\",\"addressLocality\":\"\",\"addressRegion\":\"\",\"postalCode\":\"\",\"addressCountry\":\"\"},\"telephone\":\"n\/a\",\"sameAs\":\"\"}},{\"@context\":\"https:\/\/schema.org\",\"@type\":\"Event\",\"name\":\"Wien, Mahnwache f\\u00fcr den Frieden\",\"description\":\"MAHNWACHE F\\u00dcR DEN FRIEDEN Die Gefahr eines Weltkriegs bedroht uns erneut. Doch Krieg ist keine unvermeidliche Naturkatastrophe, sondern eine Entscheidung. Wir bleiben nicht passiv, wir schauen nicht einfach zu, wir lassen nicht zu, dass andere uns die Zukunft rauben. Um den Frieden zu verteidigen, wollen wir Verantwortung f\\u00fcr den Frieden \\u00fcbernehmen und uns in jeder&hellip;\",\"image\":\"\",\"url\":\"https:\/\/www.paxchristi.at\/?mc-events=wien-mahnwache-fuer-den-frieden&amp;mc_id=311\",\"startDate\":\"2026-04-18T10:00:00+00:00\",\"endDate\":\"2026-04-18T12:00:00+00:00\",\"duration\":\"PT2H\",\"eventAttendanceMode\":\"https:\/\/schema.org\/OfflineEventAttendanceMode\",\"location\":{\"@context\":\"https:\/\/schema.org\",\"@type\":\"Place\",\"name\":\"Platz der Menschenrechte\",\"description\":\"\",\"url\":\"https:\/\/www.paxchristi.at\/?mc-locations=platz-der-menschenrechte-2\",\"address\":{\"@type\":\"PostalAddress\",\"streetAddress\":\"\",\"addressLocality\":\"Wien\",\"addressRegion\":\"\",\"postalCode\":\"1070\",\"addressCountry\":\"\"},\"telephone\":\"n\/a\",\"sameAs\":\"\"}},{\"@context\":\"https:\/\/schema.org\",\"@type\":\"Event\",\"name\":\"Linz, Ausstellung der Friedensbibliothek Berlin im Linzer Mariendom\",\"description\":\"\\u201eDennoch Rosen\\u201c Leben und Werk der Dichterin Rose Ausl\\u00e4nder Ausstellung der Friedensbibliothek Berlin im Linzer Mariendom Die Dichterin wird als Rosalie Scherzer 1901 im damaligen Czernowitz\/\\u00d6sterreich-Ungarn geboren. Heute hei\\u00dft der Ort Tscherniwzi und liegt im Westen der Ukraine. Sie w\\u00e4chst in einer vielsprachigen Umwelt auf. Nach dem 1. Weltkrieg wird 1919 die Bukowina mit der&hellip;\",\"image\":\"\",\"url\":\"https:\/\/www.paxchristi.at\/?mc-events=linz-ausstellung-der-friedensbibliothek-berlin-im-linzer-mariendom-2&amp;mc_id=313\",\"startDate\":\"2026-04-23T00:00:00+00:00\",\"endDate\":\"2026-06-10T23:59:59+00:00\",\"duration\":\"P1MD19TH0M0\",\"eventAttendanceMode\":\"https:\/\/schema.org\/OfflineEventAttendanceMode\",\"location\":{\"@context\":\"https:\/\/schema.org\",\"@type\":\"Place\",\"name\":\"Mariendom Linz\",\"description\":\"\",\"url\":\"https:\/\/www.paxchristi.at\/?mc-locations=mariendom-linz\",\"address\":{\"@type\":\"PostalAddress\",\"streetAddress\":\"\",\"addressLocality\":\"\",\"addressRegion\":\"\",\"postalCode\":\"\",\"addressCountry\":\"\"},\"telephone\":\"n\/a\",\"sameAs\":\"\"}},{\"@context\":\"https:\/\/schema.org\",\"@type\":\"Event\",\"name\":\"Hohenems: Treffen von Pax Christi Vorarlberg\",\"description\":\"Treffen der Landesgruppe Vorarlberg f\\u00fcr alle Interessierten\",\"image\":\"\",\"url\":\"https:\/\/www.paxchristi.at\/?mc-events=hohenems-treffen-von-pax-christi-vorarlberg&amp;mc_id=308\",\"startDate\":\"2026-04-24T18:00:00+00:00\",\"endDate\":\"2026-04-24T19:00:00+00:00\",\"duration\":\"PT1H\",\"eventAttendanceMode\":\"https:\/\/schema.org\/OfflineEventAttendanceMode\",\"location\":{\"@context\":\"https:\/\/schema.org\",\"@type\":\"Place\",\"name\":\"Hohenems\",\"description\":\"\",\"url\":\"https:\/\/www.paxchristi.at\/?mc-locations=hohenems-2\",\"address\":{\"@type\":\"PostalAddress\",\"streetAddress\":\"Liebigstra\\u00dfe 3\",\"addressLocality\":\"Hohenems\",\"addressRegion\":\"\",\"postalCode\":\"\",\"addressCountry\":\"\\u00d6sterreich\"},\"telephone\":\"n\/a\",\"sameAs\":\"\"}},{\"@context\":\"https:\/\/schema.org\",\"@type\":\"Event\",\"name\":\"Linz, Ausstellung der Friedensbibliothek Berlin im Linzer Mariendom\",\"description\":\"\\u201eDennoch Rosen\\u201c Leben und Werk der Dichterin Rose Ausl\\u00e4nder Ausstellung der Friedensbibliothek Berlin im Linzer Mariendom Die Dichterin wird als Rosalie Scherzer 1901 im damaligen Czernowitz\/\\u00d6sterreich-Ungarn geboren. Heute hei\\u00dft der Ort Tscherniwzi und liegt im Westen der Ukraine. Sie w\\u00e4chst in einer vielsprachigen Umwelt auf. Nach dem 1. Weltkrieg wird 1919 die Bukowina mit der&hellip;\",\"image\":\"\",\"url\":\"https:\/\/www.paxchristi.at\/?mc-events=linz-ausstellung-der-friedensbibliothek-berlin-im-linzer-mariendom-2&amp;mc_id=313\",\"startDate\":\"2026-04-23T00:00:00+00:00\",\"endDate\":\"2026-06-10T23:59:59+00:00\",\"duration\":\"P1MD19TH0M0\",\"eventAttendanceMode\":\"https:\/\/schema.org\/OfflineEventAttendanceMode\",\"location\":{\"@context\":\"https:\/\/schema.org\",\"@type\":\"Place\",\"name\":\"Mariendom Linz\",\"description\":\"\",\"url\":\"https:\/\/www.paxchristi.at\/?mc-locations=mariendom-linz\",\"address\":{\"@type\":\"PostalAddress\",\"streetAddress\":\"\",\"addressLocality\":\"\",\"addressRegion\":\"\",\"postalCode\":\"\",\"addressCountry\":\"\"},\"telephone\":\"n\/a\",\"sameAs\":\"\"}},{\"@context\":\"https:\/\/schema.org\",\"@type\":\"Event\",\"name\":\"Linz, Lichter f\\u00fcr den Frieden\",\"description\":\"Das \\u201eLinzer Friedensnetzwerk&quot;, ein wachsender Zusammenschluss von Organisationen, Initiativen und Personen, die sich f\\u00fcr den Frieden und gegen Krieg stark machen, l\\u00e4dt zur Teilnahme an der Kundgebung \\u201eLichter f\\u00fcr den Frieden&quot; ein. Friedensakademie Linz : 26. April: &quot;Lichter f\\u00fcr den Frieden&quot; am Hauptplatz Linz\",\"image\":\"\",\"url\":\"https:\/\/www.paxchristi.at\/?mc-events=linz-lichter-fuer-den-frieden-2&amp;mc_id=312\",\"startDate\":\"2026-04-26T19:00:00+00:00\",\"endDate\":\"2026-04-26T20:00:00+00:00\",\"duration\":\"PT1H\",\"eventAttendanceMode\":\"https:\/\/schema.org\/OfflineEventAttendanceMode\",\"location\":{\"@context\":\"https:\/\/schema.org\",\"@type\":\"Place\",\"name\":\"Hauptplatz Linz\",\"description\":\"\",\"url\":\"https:\/\/www.paxchristi.at\/?mc-locations=hauptplatz-linz\",\"address\":{\"@type\":\"PostalAddress\",\"streetAddress\":\"\",\"addressLocality\":\"Linz\",\"addressRegion\":\"\",\"postalCode\":\"4020\",\"addressCountry\":\"\"},\"telephone\":\"n\/a\",\"sameAs\":\"\"}},{\"@context\":\"https:\/\/schema.org\",\"@type\":\"Event\",\"name\":\"Dornbirn, Vortrag &quot;F\\u00fcr den Frieden k\\u00e4mpfen&quot;\",\"description\":\"F\\u00fcr den Frieden k\\u00e4mpfen. Wie geht Friede? Gesellschaftspolitischer Stammtisch Kriege r\\u00fccken n\\u00e4her, Spannungen wachsen \\u2013 Frieden ist nichts Selbstverst\\u00e4ndliches mehr. Mit Wolfgang Palaver sprechen wir dar\\u00fcber, ob wir auf mehr Gewalt zusteuern und welche Alternativen es gibt. Wir suchen nach Antworten auf Fragen der Aufr\\u00fcstung, des gebrochenen V\\u00f6lkerrechts und des Einflusses von Reichen auf die&hellip;\",\"image\":\"\",\"url\":\"https:\/\/www.paxchristi.at\/?mc-events=dornbirn-vortrag-fuer-den-frieden-kaempfen&amp;mc_id=316\",\"startDate\":\"2026-04-27T19:30:00+00:00\",\"endDate\":\"2026-04-27T21:00:00+00:00\",\"duration\":\"PT1H30M\",\"eventAttendanceMode\":\"https:\/\/schema.org\/OfflineEventAttendanceMode\",\"location\":{\"@context\":\"https:\/\/schema.org\",\"@type\":\"Place\",\"name\":\" WirkRaum Dornbirn\",\"description\":\"\",\"url\":\"https:\/\/www.paxchristi.at\/?mc-locations=wirkraum-dornbirn\",\"address\":{\"@type\":\"PostalAddress\",\"streetAddress\":\"Bahnhofstra\\u00dfe 9\",\"addressLocality\":\"Dornbirn\",\"addressRegion\":\"\",\"postalCode\":\"6850\",\"addressCountry\":\"\"},\"telephone\":\"n\/a\",\"sameAs\":\"\"}},{\"@context\":\"https:\/\/schema.org\",\"@type\":\"Event\",\"name\":\"Feldkirch: Vortrag und Gespr\\u00e4ch\",\"description\":\"mit Pater Moses Otii und Maria Biedrawa (Friedenspreistr\\u00e4gerin Bremen 2024) Thema: Kirche stiftet Frieden, am Beispiel der zentralafrikanischen Republik\",\"image\":\"\",\"url\":\"https:\/\/www.paxchristi.at\/?mc-events=feldkirch-vortrag-und-gespraech&amp;mc_id=309\",\"startDate\":\"2026-04-28T19:00:00+00:00\",\"endDate\":\"2026-04-28T20:00:00+00:00\",\"duration\":\"PT1H\",\"eventAttendanceMode\":\"https:\/\/schema.org\/OfflineEventAttendanceMode\",\"location\":{\"@context\":\"https:\/\/schema.org\",\"@type\":\"Place\",\"name\":\"Kapuzinerkloster Feldkirch\",\"description\":\"\",\"url\":\"https:\/\/www.paxchristi.at\/?mc-locations=kapuzinerkloster-feldkirch\",\"address\":{\"@type\":\"PostalAddress\",\"streetAddress\":\"Bahnhofstra\\u00dfe 4\",\"addressLocality\":\"Feldkirch\",\"addressRegion\":\"\",\"postalCode\":\"\",\"addressCountry\":\"\"},\"telephone\":\"n\/a\",\"sameAs\":\"\"}},{\"@context\":\"https:\/\/schema.org\",\"@type\":\"Event\",\"name\":\"Linz, Ausstellung der Friedensbibliothek Berlin im Linzer Mariendom\",\"description\":\"\\u201eDennoch Rosen\\u201c Leben und Werk der Dichterin Rose Ausl\\u00e4nder Ausstellung der Friedensbibliothek Berlin im Linzer Mariendom Die Dichterin wird als Rosalie Scherzer 1901 im damaligen Czernowitz\/\\u00d6sterreich-Ungarn geboren. Heute hei\\u00dft der Ort Tscherniwzi und liegt im Westen der Ukraine. Sie w\\u00e4chst in einer vielsprachigen Umwelt auf. Nach dem 1. Weltkrieg wird 1919 die Bukowina mit der&hellip;\",\"image\":\"\",\"url\":\"https:\/\/www.paxchristi.at\/?mc-events=linz-ausstellung-der-friedensbibliothek-berlin-im-linzer-mariendom-2&amp;mc_id=313\",\"startDate\":\"2026-04-23T00:00:00+00:00\",\"endDate\":\"2026-06-10T23:59:59+00:00\",\"duration\":\"P1MD19TH0M0\",\"eventAttendanceMode\":\"https:\/\/schema.org\/OfflineEventAttendanceMode\",\"location\":{\"@context\":\"https:\/\/schema.org\",\"@type\":\"Place\",\"name\":\"Mariendom Linz\",\"description\":\"\",\"url\":\"https:\/\/www.paxchristi.at\/?mc-locations=mariendom-linz\",\"address\":{\"@type\":\"PostalAddress\",\"streetAddress\":\"\",\"addressLocality\":\"\",\"addressRegion\":\"\",\"postalCode\":\"\",\"addressCountry\":\"\"},\"telephone\":\"n\/a\",\"sameAs\":\"\"}},{\"@context\":\"https:\/\/schema.org\",\"@type\":\"Event\",\"name\":\"Linz, Ausstellung der Friedensbibliothek Berlin im Linzer Mariendom\",\"description\":\"\\u201eDennoch Rosen\\u201c Leben und Werk der Dichterin Rose Ausl\\u00e4nder Ausstellung der Friedensbibliothek Berlin im Linzer Mariendom Die Dichterin wird als Rosalie Scherzer 1901 im damaligen Czernowitz\/\\u00d6sterreich-Ungarn geboren. Heute hei\\u00dft der Ort Tscherniwzi und liegt im Westen der Ukraine. Sie w\\u00e4chst in einer vielsprachigen Umwelt auf. Nach dem 1. Weltkrieg wird 1919 die Bukowina mit der&hellip;\",\"image\":\"\",\"url\":\"https:\/\/www.paxchristi.at\/?mc-events=linz-ausstellung-der-friedensbibliothek-berlin-im-linzer-mariendom-2&amp;mc_id=313\",\"startDate\":\"2026-04-23T00:00:00+00:00\",\"endDate\":\"2026-06-10T23:59:59+00:00\",\"duration\":\"P1MD19TH0M0\",\"eventAttendanceMode\":\"https:\/\/schema.org\/OfflineEventAttendanceMode\",\"location\":{\"@context\":\"https:\/\/schema.org\",\"@type\":\"Place\",\"name\":\"Mariendom Linz\",\"description\":\"\",\"url\":\"https:\/\/www.paxchristi.at\/?mc-locations=mariendom-linz\",\"address\":{\"@type\":\"PostalAddress\",\"streetAddress\":\"\",\"addressLocality\":\"\",\"addressRegion\":\"\",\"postalCode\":\"\",\"addressCountry\":\"\"},\"telephone\":\"n\/a\",\"sameAs\":\"\"}},{\"@context\":\"https:\/\/schema.org\",\"@type\":\"Event\",\"name\":\"Linz, Ausstellung der Friedensbibliothek Berlin im Linzer Mariendom\",\"description\":\"\\u201eDennoch Rosen\\u201c Leben und Werk der Dichterin Rose Ausl\\u00e4nder Ausstellung der Friedensbibliothek Berlin im Linzer Mariendom Die Dichterin wird als Rosalie Scherzer 1901 im damaligen Czernowitz\/\\u00d6sterreich-Ungarn geboren. Heute hei\\u00dft der Ort Tscherniwzi und liegt im Westen der Ukraine. Sie w\\u00e4chst in einer vielsprachigen Umwelt auf. Nach dem 1. Weltkrieg wird 1919 die Bukowina mit der&hellip;\",\"image\":\"\",\"url\":\"https:\/\/www.paxchristi.at\/?mc-events=linz-ausstellung-der-friedensbibliothek-berlin-im-linzer-mariendom-2&amp;mc_id=313\",\"startDate\":\"2026-04-23T00:00:00+00:00\",\"endDate\":\"2026-06-10T23:59:59+00:00\",\"duration\":\"P1MD19TH0M0\",\"eventAttendanceMode\":\"https:\/\/schema.org\/OfflineEventAttendanceMode\",\"location\":{\"@context\":\"https:\/\/schema.org\",\"@type\":\"Place\",\"name\":\"Mariendom Linz\",\"description\":\"\",\"url\":\"https:\/\/www.paxchristi.at\/?mc-locations=mariendom-linz\",\"address\":{\"@type\":\"PostalAddress\",\"streetAddress\":\"\",\"addressLocality\":\"\",\"addressRegion\":\"\",\"postalCode\":\"\",\"addressCountry\":\"\"},\"telephone\":\"n\/a\",\"sameAs\":\"\"}},{\"@context\":\"https:\/\/schema.org\",\"@type\":\"Event\",\"name\":\"Linz, Ausstellung der Friedensbibliothek Berlin im Linzer Mariendom\",\"description\":\"\\u201eDennoch Rosen\\u201c Leben und Werk der Dichterin Rose Ausl\\u00e4nder Ausstellung der Friedensbibliothek Berlin im Linzer Mariendom Die Dichterin wird als Rosalie Scherzer 1901 im damaligen Czernowitz\/\\u00d6sterreich-Ungarn geboren. Heute hei\\u00dft der Ort Tscherniwzi und liegt im Westen der Ukraine. Sie w\\u00e4chst in einer vielsprachigen Umwelt auf. Nach dem 1. Weltkrieg wird 1919 die Bukowina mit der&hellip;\",\"image\":\"\",\"url\":\"https:\/\/www.paxchristi.at\/?mc-events=linz-ausstellung-der-friedensbibliothek-berlin-im-linzer-mariendom-2&amp;mc_id=313\",\"startDate\":\"2026-04-23T00:00:00+00:00\",\"endDate\":\"2026-06-10T23:59:59+00:00\",\"duration\":\"P1MD19TH0M0\",\"eventAttendanceMode\":\"https:\/\/schema.org\/OfflineEventAttendanceMode\",\"location\":{\"@context\":\"https:\/\/schema.org\",\"@type\":\"Place\",\"name\":\"Mariendom Linz\",\"description\":\"\",\"url\":\"https:\/\/www.paxchristi.at\/?mc-locations=mariendom-linz\",\"address\":{\"@type\":\"PostalAddress\",\"streetAddress\":\"\",\"addressLocality\":\"\",\"addressRegion\":\"\",\"postalCode\":\"\",\"addressCountry\":\"\"},\"telephone\":\"n\/a\",\"sameAs\":\"\"}},{\"@context\":\"https:\/\/schema.org\",\"@type\":\"Event\",\"name\":\"Linz, Ausstellung der Friedensbibliothek Berlin im Linzer Mariendom\",\"description\":\"\\u201eDennoch Rosen\\u201c Leben und Werk der Dichterin Rose Ausl\\u00e4nder Ausstellung der Friedensbibliothek Berlin im Linzer Mariendom Die Dichterin wird als Rosalie Scherzer 1901 im damaligen Czernowitz\/\\u00d6sterreich-Ungarn geboren. Heute hei\\u00dft der Ort Tscherniwzi und liegt im Westen der Ukraine. Sie w\\u00e4chst in einer vielsprachigen Umwelt auf. Nach dem 1. Weltkrieg wird 1919 die Bukowina mit der&hellip;\",\"image\":\"\",\"url\":\"https:\/\/www.paxchristi.at\/?mc-events=linz-ausstellung-der-friedensbibliothek-berlin-im-linzer-mariendom-2&amp;mc_id=313\",\"startDate\":\"2026-04-23T00:00:00+00:00\",\"endDate\":\"2026-06-10T23:59:59+00:00\",\"duration\":\"P1MD19TH0M0\",\"eventAttendanceMode\":\"https:\/\/schema.org\/OfflineEventAttendanceMode\",\"location\":{\"@context\":\"https:\/\/schema.org\",\"@type\":\"Place\",\"name\":\"Mariendom Linz\",\"description\":\"\",\"url\":\"https:\/\/www.paxchristi.at\/?mc-locations=mariendom-linz\",\"address\":{\"@type\":\"PostalAddress\",\"streetAddress\":\"\",\"addressLocality\":\"\",\"addressRegion\":\"\",\"postalCode\":\"\",\"addressCountry\":\"\"},\"telephone\":\"n\/a\",\"sameAs\":\"\"}}]\n<\/script>\n<h2 id=\"mc_head_my-calendar\" class=\"heading my-calendar-month\"><span>Veranstaltungen in April 2026\n<\/span><\/h2>\n\n<nav aria-label=\"Kalender (oben)\">\n<div class=\"my-calendar-header\"><div class='mc-format'><a id='mc_list-my-calendar' href='https:\/\/www.paxchristi.at\/?page_id=9185&#038;rest_route=\/wp\/v2\/pages\/9185&#038;format=list' class='list'><span class=\"maybe-hide\">Ansicht als <\/span>Liste<\/a><\/div><div class='mc-time'><span id='mc_month-my-calendar' class='mc-active month' tabindex='-1'>Monat<\/span><a id='mc_week-my-calendar'  href='https:\/\/www.paxchristi.at\/?page_id=9185&#038;rest_route=\/wp\/v2\/pages\/9185&#038;time=week&#038;dy=6&#038;month=4' class='week'>Woche<\/a><a id='mc_day-my-calendar'  href='https:\/\/www.paxchristi.at\/?page_id=9185&#038;rest_route=\/wp\/v2\/pages\/9185&#038;time=day' class='day'>Tag<\/a><\/div><div class=\"my-calendar-date-switcher\"><form class=\"mc-date-switcher\" action=\"https:\/\/www.paxchristi.at\" method=\"get\"><div><input type=\"hidden\" name=\"cid\" value=\"my-calendar\" \/><input type=\"hidden\" name=\"rest_route\" value=\"\/wp\/v2\/pages\/9185\" \/> <label class=\"maybe-hide\" for=\"my-calendar-month\">Monat<\/label> <select id=\"my-calendar-month\" name=\"month\">\n<option value='1'>Januar<\/option>\n<option value='2'>Februar<\/option>\n<option value='3'>M\u00e4rz<\/option>\n<option value='4' selected='selected'>April<\/option>\n<option value='5'>Mai<\/option>\n<option value='6'>Juni<\/option>\n<option value='7'>Juli<\/option>\n<option value='8'>August<\/option>\n<option value='9'>September<\/option>\n<option value='10'>Oktober<\/option>\n<option value='11'>November<\/option>\n<option value='12'>Dezember<\/option>\n<\/select>\n <label class=\"maybe-hide\" for=\"my-calendar-year\">Jahr<\/label> <select id=\"my-calendar-year\" name=\"yr\">\n<option value=\"2020\">2020<\/option>\n<option value=\"2021\">2021<\/option>\n<option value=\"2022\">2022<\/option>\n<option value=\"2023\">2023<\/option>\n<option value=\"2024\">2024<\/option>\n<option value=\"2025\">2025<\/option>\n<option value=\"2026\" selected='selected'>2026<\/option>\n<option value=\"2027\">2027<\/option>\n<option value=\"2028\">2028<\/option>\n<option value=\"2029\">2029<\/option>\n<option value=\"2030\">2030<\/option>\n<\/select> <input type=\"submit\" class=\"button\" data-href=\"https:\/\/www.paxchristi.at?rest_route=\/wp\/v2\/pages\/9185\" value=\"Anzeigen\" \/><\/div><\/form><\/div>\r\n\t\t<div class=\"my-calendar-nav\">\r\n\t\t\t<ul>\r\n\t\t\t\t<li class=\"my-calendar-prev\"><a id=\"mc_previous_my-calendar\" href=\"https:\/\/www.paxchristi.at\/?page_id=9185&#038;rest_route=\/wp\/v2\/pages\/9185&#038;yr=2026&#038;month=3&#038;dy&#038;cid=my-calendar\" rel=\"nofollow\">Zur\u00fcck<\/a><\/li><li class=\"my-calendar-today\"><span class=\"mc-active\" id=\"mc_today_my-calendar\" tabindex=\"-1\">Heute<\/span><\/li><li class=\"my-calendar-next\"><a id=\"mc_next_my-calendar\" href=\"https:\/\/www.paxchristi.at\/?page_id=9185&#038;rest_route=\/wp\/v2\/pages\/9185&#038;yr=2026&#038;month=5&#038;dy&#038;cid=my-calendar\" rel=\"nofollow\">Weiter<\/a><\/li>\r\n\t\t\t<\/ul>\r\n\t\t<\/div><\/div>\n<\/nav>\n<div class=\"mc-content\">\n<table class='my-calendar-table' aria-labelledby='mc_head_my-calendar'>\n<thead>\n\t<tr class='mc-row'>\n\t\t<th scope=\"col\" class='day-heading mon'><abbr title=\"Montag\" aria-hidden=\"true\">Mo.<\/abbr><span class=\"screen-reader-text\">Montag<\/span><\/th>\n\t\t<th scope=\"col\" class='day-heading tues'><abbr title=\"Dienstag\" aria-hidden=\"true\">Di.<\/abbr><span class=\"screen-reader-text\">Dienstag<\/span><\/th>\n\t\t<th scope=\"col\" class='day-heading wed'><abbr title=\"Mittwoch\" aria-hidden=\"true\">Mi.<\/abbr><span class=\"screen-reader-text\">Mittwoch<\/span><\/th>\n\t\t<th scope=\"col\" class='day-heading thur'><abbr title=\"Donnerstag\" aria-hidden=\"true\">Do.<\/abbr><span class=\"screen-reader-text\">Donnerstag<\/span><\/th>\n\t\t<th scope=\"col\" class='day-heading fri'><abbr title=\"Freitag\" aria-hidden=\"true\">Fr.<\/abbr><span class=\"screen-reader-text\">Freitag<\/span><\/th>\n\t\t<th scope=\"col\" class='weekend-heading sat'><abbr title=\"Samstag\" aria-hidden=\"true\">Sa.<\/abbr><span class=\"screen-reader-text\">Samstag<\/span><\/th>\n\t\t<th scope=\"col\" class='weekend-heading sun'><abbr title=\"Sonntag\" aria-hidden=\"true\">So.<\/abbr><span class=\"screen-reader-text\">Sonntag<\/span><\/th>\n\t<\/tr>\n<\/thead>\n<tbody>\n<tr class='mc-row'><td class='no-events montag mo past-day past-date  nextmonth no-events day-with-date'><div class='mc-date-container'><span class='mc-date no-events'><span aria-hidden='true'>30<\/span><span class='screen-reader-text'>30. M\u00e4rz 2026<\/span><\/span><\/div>\n<\/td>\n<td class='no-events dienstag di past-day past-date  nextmonth no-events day-with-date'><div class='mc-date-container'><span class='mc-date no-events'><span aria-hidden='true'>31<\/span><span class='screen-reader-text'>31. M\u00e4rz 2026<\/span><\/span><\/div>\n<\/td>\n<td class='no-events mittwoch mi past-day past-date   no-events day-with-date'><div class='mc-date-container'><span class='mc-date no-events'><span aria-hidden='true'>1<\/span><span class='screen-reader-text'>1. April 2026<\/span><\/span><\/div>\n<\/td>\n<td class='no-events donnerstag do past-day past-date   no-events day-with-date'><div class='mc-date-container'><span class='mc-date no-events'><span aria-hidden='true'>2<\/span><span class='screen-reader-text'>2. April 2026<\/span><\/span><\/div>\n<\/td>\n<td class='no-events freitag fr past-day past-date   no-events day-with-date'><div class='mc-date-container'><span class='mc-date no-events'><span aria-hidden='true'>3<\/span><span class='screen-reader-text'>3. April 2026<\/span><\/span><\/div>\n<\/td>\n<td class='no-events samstag sa past-day past-date weekend  no-events day-with-date'><div class='mc-date-container'><span class='mc-date no-events'><span aria-hidden='true'>4<\/span><span class='screen-reader-text'>4. April 2026<\/span><\/span><\/div>\n<\/td>\n<td class='no-events sonntag so past-day past-date weekend  no-events day-with-date'><div class='mc-date-container'><span class='mc-date no-events'><span aria-hidden='true'>5<\/span><span class='screen-reader-text'>5. April 2026<\/span><\/span><\/div>\n<\/td>\n<\/tr>\n<!-- End Event Row -->\n<tr class='mc-row'><td id='calendar-2026-04-06' class='montag mo past-day past-date   has-events author1 mcat_veranstaltung day-with-date'><div class='mc-date-container'>\n\t<span class='mc-date'><span aria-hidden='true'>6<\/span><span class='screen-reader-text'>6. April 2026<\/span><span class=\"event-icon\" aria-hidden=\"true\">&#9679;<\/span><span class=\"screen-reader-text\"><span class=\"mc-list-details event-count\">(1 Veranstaltung)<\/span><\/span><\/span><\/div>\n\n\t<div id='mc_calendar_06_307-calendar-my-calendar' class='mc-mc_calendar_307 calendar-event mc_veranstaltung past-event mc_primary_veranstaltung nonrecurring mc mc-start-13-00 mc-events mc-event mc_rel_veranstaltung'>\n\t<h3 class='event-title summary' id='mc_307-title-my-calendar'><a href='#mc_calendar_06_307-calendar-details-my-calendar'  aria-expanded='false' aria-controls='mc_calendar_06_307-calendar-details-my-calendar' class='calendar open et_smooth_scroll_disabled opl-link url summary'><span>13:00: Konstanz: Bodensee Friedensweg<\/span><\/a><\/h3>\n\n\t<div id='mc_calendar_06_307-calendar-details-my-calendar' class='details no-image single-details' aria-labelledby='mc_307-title-my-calendar'>\n\n\t\t<button type='button' aria-controls='mc_calendar_06_307-calendar-details-my-calendar' class='mc-toggle close' data-action='shiftforward'><span class='dashicons dashicons-dismiss' aria-hidden='true'><\/span><span class='screen-reader-text'>Close<\/span><\/button>\n\t\t<button type='button' aria-controls='mc_calendar_06_307-calendar-details-my-calendar' class='mc-toggle close' data-action='shiftforward'><span class='dashicons dashicons-dismiss' aria-hidden='true'><\/span><span class='screen-reader-text'>Close<\/span><\/button>\n\t\t<h4 class=\"mc-title\">13:00: Konstanz: Bodensee Friedensweg<\/h4>\n\t\r\n\t<div class='time-block'>\r\n\t\t<p><span class=\"time-wrapper\"><span class='event-time dtstart'><time class='value-title' datetime='2026-04-06T13:00:00+02:00' title='2026-04-06T13:00:00+02:00'>13:00<\/time><\/span>  <\/span><br \/><span class=\"date-wrapper\"><span class='mc-start-date dtstart' title='2026-04-06T13:00:00+02:00' content='2026-04-06T13:00:00+02:00'>6. April 2026<\/span>  <\/span><\/p>\r\n\t<\/div>\n\t\t<div class='longdesc description'><p>Motto: Wir entr\u00fcsten uns!<\/p>\n<p>Treffpunkt Konzertmuschel im Stadtgarten Konstanz<\/p>\n<\/div>\n\t\t<div class=\"mc-location\"><div class=\"address location vcard\"><div class=\"adr h-card\"><div><strong class=\"location-link\">Konstanz am Bodensee<\/strong><\/div><div class='sub-address'><div class=\"mc-events-link\"><a class=\"location-link\" href=\"https:\/\/www.paxchristi.at\/?mc-locations=konstanz-am-bodensee\">Veranstaltungsort anschauen<\/a><\/div><\/div><\/div><\/div><\/div>\n\t\t<div class=\"sharing\">\t<p class='mc-details'><a aria-label='mehr: 13:00: Konstanz: Bodensee Friedensweg' href='https:\/\/www.paxchristi.at\/?mc-events=konstanz-bodensee-friedensweg&#038;mc_id=307'>mehr<\/a><\/p>\n<\/div>\n\t<\/div><!--end .details-->\n\t<\/div>\n\n<\/td>\n<td class='no-events dienstag di past-day past-date   no-events day-with-date'><div class='mc-date-container'><span class='mc-date no-events'><span aria-hidden='true'>7<\/span><span class='screen-reader-text'>7. April 2026<\/span><\/span><\/div>\n<\/td>\n<td class='no-events mittwoch mi past-day past-date   no-events day-with-date'><div class='mc-date-container'><span class='mc-date no-events'><span aria-hidden='true'>8<\/span><span class='screen-reader-text'>8. April 2026<\/span><\/span><\/div>\n<\/td>\n<td class='no-events donnerstag do past-day past-date   no-events day-with-date'><div class='mc-date-container'><span class='mc-date no-events'><span aria-hidden='true'>9<\/span><span class='screen-reader-text'>9. April 2026<\/span><\/span><\/div>\n<\/td>\n<td class='no-events freitag fr past-day past-date   no-events day-with-date'><div class='mc-date-container'><span class='mc-date no-events'><span aria-hidden='true'>10<\/span><span class='screen-reader-text'>10. April 2026<\/span><\/span><\/div>\n<\/td>\n<td class='no-events samstag sa past-day past-date weekend  no-events day-with-date'><div class='mc-date-container'><span class='mc-date no-events'><span aria-hidden='true'>11<\/span><span class='screen-reader-text'>11. April 2026<\/span><\/span><\/div>\n<\/td>\n<td class='no-events sonntag so past-day past-date weekend  no-events day-with-date'><div class='mc-date-container'><span class='mc-date no-events'><span aria-hidden='true'>12<\/span><span class='screen-reader-text'>12. April 2026<\/span><\/span><\/div>\n<\/td>\n<\/tr>\n<!-- End Event Row -->\n<tr class='mc-row'><td class='no-events montag mo past-day past-date   no-events day-with-date'><div class='mc-date-container'><span class='mc-date no-events'><span aria-hidden='true'>13<\/span><span class='screen-reader-text'>13. April 2026<\/span><\/span><\/div>\n<\/td>\n<td class='no-events dienstag di past-day past-date   no-events day-with-date'><div class='mc-date-container'><span class='mc-date no-events'><span aria-hidden='true'>14<\/span><span class='screen-reader-text'>14. April 2026<\/span><\/span><\/div>\n<\/td>\n<td class='no-events mittwoch mi past-day past-date   no-events day-with-date'><div class='mc-date-container'><span class='mc-date no-events'><span aria-hidden='true'>15<\/span><span class='screen-reader-text'>15. April 2026<\/span><\/span><\/div>\n<\/td>\n<td class='no-events donnerstag do past-day past-date   no-events day-with-date'><div class='mc-date-container'><span class='mc-date no-events'><span aria-hidden='true'>16<\/span><span class='screen-reader-text'>16. April 2026<\/span><\/span><\/div>\n<\/td>\n<td class='no-events freitag fr past-day past-date   no-events day-with-date'><div class='mc-date-container'><span class='mc-date no-events'><span aria-hidden='true'>17<\/span><span class='screen-reader-text'>17. April 2026<\/span><\/span><\/div>\n<\/td>\n<td id='calendar-2026-04-18' class='samstag sa past-day past-date weekend  has-events author1 mcat_veranstaltung day-with-date'><div class='mc-date-container'>\n\t<span class='mc-date'><span aria-hidden='true'>18<\/span><span class='screen-reader-text'>18. April 2026<\/span><span class=\"event-icon\" aria-hidden=\"true\">&#9679;<\/span><span class=\"screen-reader-text\"><span class=\"mc-list-details event-count\">(1 Veranstaltung)<\/span><\/span><\/span><\/div>\n\n\t<div id='mc_calendar_18_311-calendar-my-calendar' class='mc-mc_calendar_311 calendar-event mc_veranstaltung past-event mc_primary_veranstaltung nonrecurring mc-2-stunden mc-start-10-00 mc-events mc-event mc_rel_veranstaltung'>\n\t<h3 class='event-title summary' id='mc_311-title-my-calendar'><a href='#mc_calendar_18_311-calendar-details-my-calendar'  aria-expanded='false' aria-controls='mc_calendar_18_311-calendar-details-my-calendar' class='calendar open et_smooth_scroll_disabled opl-link url summary'><span>10:00: Wien, Mahnwache f\u00fcr den Frieden<\/span><\/a><\/h3>\n\n\t<div id='mc_calendar_18_311-calendar-details-my-calendar' class='details no-image single-details' aria-labelledby='mc_311-title-my-calendar'>\n\n\t\t<button type='button' aria-controls='mc_calendar_18_311-calendar-details-my-calendar' class='mc-toggle close' data-action='shiftforward'><span class='dashicons dashicons-dismiss' aria-hidden='true'><\/span><span class='screen-reader-text'>Close<\/span><\/button>\n\t\t<button type='button' aria-controls='mc_calendar_18_311-calendar-details-my-calendar' class='mc-toggle close' data-action='shiftforward'><span class='dashicons dashicons-dismiss' aria-hidden='true'><\/span><span class='screen-reader-text'>Close<\/span><\/button>\n\t\t<h4 class=\"mc-title\">10:00: Wien, Mahnwache f\u00fcr den Frieden<\/h4>\n\t\r\n\t<div class='time-block'>\r\n\t\t<p><span class=\"time-wrapper\"><span class='event-time dtstart'><time class='value-title' datetime='2026-04-18T10:00:00+02:00' title='2026-04-18T10:00:00+02:00'>10:00<\/time><\/span> <span class='time-separator'> &ndash; <\/span> <span class='end-time dtend'> <time class='value-title' datetime='2026-04-18T12:00:00+02:00' title='2026-04-18T12:00:00+02:00'>12:00<\/time><\/span><\/span><br \/><span class=\"date-wrapper\"><span class='mc-start-date dtstart' title='2026-04-18T10:00:00+02:00' content='2026-04-18T10:00:00+02:00'>18. April 2026<\/span>  <\/span><\/p>\r\n\t<\/div>\n\t\t<div class='longdesc description'><p>MAHNWACHE F\u00dcR DEN FRIEDEN<\/p>\n<p>Die Gefahr eines Weltkriegs bedroht uns erneut.<br \/>\nDoch Krieg ist keine unvermeidliche Naturkatastrophe, sondern eine Entscheidung. Wir bleiben nicht passiv, wir schauen nicht einfach zu, wir lassen nicht zu, dass andere uns die Zukunft rauben.<br \/>\nUm den Frieden zu verteidigen, wollen wir Verantwortung f\u00fcr den Frieden \u00fcbernehmen und uns in jeder Stadt Europas engagieren: an unseren Arbeitspl\u00e4tzen, in den Schulen und in den Stra\u00dfen.<br \/>\nDaher haben wir beschlossen, auch in Wien eine Etappe des \u201eGiro d\u2019Italia per la Pace\u201c (Giro d'Italia f\u00fcr den Frieden) im Oktober 2026 zu organisieren und als ersten Schritt eine Mahnwache am 18.04.2026 zu halten.<br \/>\nDas Logo des \"Giro d\u2019Italia per la pace\" zeigt die Friedenslampe von Assisi, der Geburtsstadt des heiligen Franziskus, die symbolisch f\u00fcr das Erwecken des menschlichen Bewusstseins und zur F\u00f6rderung einer Kultur und Politik des Friedens steht.<\/p>\n<p><a href=\"https:\/\/www.perlapace.it\/perugia-assisi\/\">https:\/\/www.perlapace.it\/perugia-assisi\/<\/a><\/p>\n<\/div>\n\t\t<div class=\"mc-location\"><div class=\"address location vcard\"><div class=\"adr h-card\"><div><strong class=\"location-link\">Platz der Menschenrechte<\/strong><\/div><div class='sub-address'><div><span class=\"locality p-locality\">Wien<\/span><span class=\"mc-sep\">, <\/span> <span class=\"postal-code p-postal-code\">1070<\/span><\/div><div class=\"mc-events-link\"><a class=\"location-link\" href=\"https:\/\/www.paxchristi.at\/?mc-locations=platz-der-menschenrechte-2\">Veranstaltungsort anschauen<\/a><\/div><\/div><\/div><\/div><\/div>\n\t\t<div class=\"sharing\">\t<p class='mc-details'><a aria-label='mehr: 10:00: Wien, Mahnwache f\u00fcr den Frieden' href='https:\/\/www.paxchristi.at\/?mc-events=wien-mahnwache-fuer-den-frieden&#038;mc_id=311'>mehr<\/a><\/p>\n<\/div>\n\t<\/div><!--end .details-->\n\t<\/div>\n\n<\/td>\n<td class='no-events sonntag so past-day past-date weekend  no-events day-with-date'><div class='mc-date-container'><span class='mc-date no-events'><span aria-hidden='true'>19<\/span><span class='screen-reader-text'>19. April 2026<\/span><\/span><\/div>\n<\/td>\n<\/tr>\n<!-- End Event Row -->\n<tr class='mc-row'><td class='no-events montag mo past-day past-date   no-events day-with-date'><div class='mc-date-container'><span class='mc-date no-events'><span aria-hidden='true'>20<\/span><span class='screen-reader-text'>20. April 2026<\/span><\/span><\/div>\n<\/td>\n<td class='no-events dienstag di past-day past-date   no-events day-with-date'><div class='mc-date-container'><span class='mc-date no-events'><span aria-hidden='true'>21<\/span><span class='screen-reader-text'>21. April 2026<\/span><\/span><\/div>\n<\/td>\n<td class='no-events mittwoch mi past-day past-date   no-events day-with-date'><div class='mc-date-container'><span class='mc-date no-events'><span aria-hidden='true'>22<\/span><span class='screen-reader-text'>22. April 2026<\/span><\/span><\/div>\n<\/td>\n<td id='calendar-2026-04-23' class='donnerstag do past-day past-date   has-events author1 mcat_veranstaltung day-with-date'><div class='mc-date-container'>\n\t<span class='mc-date'><span aria-hidden='true'>23<\/span><span class='screen-reader-text'>23. April 2026<\/span><span class=\"event-icon\" aria-hidden=\"true\">&#9679;<\/span><span class=\"screen-reader-text\"><span class=\"mc-list-details event-count\">(1 Veranstaltung)<\/span><\/span><\/span><\/div>\n\n\t<div id='mc_calendar_23_313-calendar-my-calendar' class='mc-mc_calendar_313 calendar-event mc_veranstaltung on-now mc_primary_veranstaltung nonrecurring mc-2-monaten mc-start-00-00 mc-events multidate mc-event mc_rel_veranstaltung'>\n\t<h3 class='event-title summary' id='mc_313-title-my-calendar'><a href='#mc_calendar_23_313-calendar-details-my-calendar'  aria-expanded='false' aria-controls='mc_calendar_23_313-calendar-details-my-calendar' class='calendar open et_smooth_scroll_disabled opl-link url summary'><span>ganzt\u00e4gig: Linz, Ausstellung der Friedensbibliothek Berlin im Linzer Mariendom<\/span><\/a><\/h3>\n\n\t<div id='mc_calendar_23_313-calendar-details-my-calendar' class='details no-image single-details' aria-labelledby='mc_313-title-my-calendar'>\n\n\t\t<button type='button' aria-controls='mc_calendar_23_313-calendar-details-my-calendar' class='mc-toggle close' data-action='shiftforward'><span class='dashicons dashicons-dismiss' aria-hidden='true'><\/span><span class='screen-reader-text'>Close<\/span><\/button>\n\t\t<button type='button' aria-controls='mc_calendar_23_313-calendar-details-my-calendar' class='mc-toggle close' data-action='shiftforward'><span class='dashicons dashicons-dismiss' aria-hidden='true'><\/span><span class='screen-reader-text'>Close<\/span><\/button>\n\t\t<h4 class=\"mc-title\">ganzt\u00e4gig: Linz, Ausstellung der Friedensbibliothek Berlin im Linzer Mariendom<\/h4>\n\t\r\n\t<div class='time-block'>\r\n\t\t<p><span class=\"time-wrapper\"> <span class='event-time'>ganzt\u00e4gig<\/span>  <\/span><br \/><span class=\"date-wrapper\"><span class='mc-start-date dtstart' title='2026-04-23T00:00:00+02:00' content='2026-04-23T00:00:00+02:00'>23. April 2026<\/span> <span class='date-separator'> &ndash; <\/span> <span class=\"event-time dtend\">10. Juni 2026<\/span><\/span><\/p>\r\n\t<\/div>\n\t\t<div class='longdesc description'><p><strong>\u201eDennoch Rosen\u201c<\/strong><br \/>\nLeben und Werk der Dichterin Rose Ausl\u00e4nder<br \/>\nAusstellung der Friedensbibliothek Berlin im Linzer Mariendom<\/p>\n<p>Die Dichterin wird als Rosalie Scherzer 1901 im damaligen Czernowitz\/\u00d6sterreich-Ungarn geboren. Heute hei\u00dft der Ort Tscherniwzi und liegt im Westen der Ukraine. Sie w\u00e4chst in einer vielsprachigen Umwelt auf. Nach dem 1. Weltkrieg wird 1919 die Bukowina mit der Hauptstadt Czernowitz ru<br \/>\nm\u00e4nisch und hei\u00dft ab jetzt Cernauti. Sie nimmt ein Studium auf und heiratet 1921 Ignaz Ausl\u00e4nder. Beide entschlie\u00dfen sich zur Auswanderung in die USA. Nach ihrer Scheidung kehrt sie 1931 nach Czernowitz zur\u00fcck. 1939 erscheint ihr erster Gedichtband. Nach der deutschen Besetzung 1941 wird sie mit ihrer Mutter zwangsumgesiedelt in das dortige Ghetto. Sie entgeht jedoch Zwangsarbeit und Deportation und \u00fcberlebte in einem Kellerversteck \u2013 unter schrecklichen Umst\u00e4nden. Nur mit Hilfe von Freunden verhungert sie nicht. 1944 wird das Ghetto befreit und sie geht wieder in die USA. Sie schreibt weiter Gedichte, zuerst auf englisch, dann sp\u00e4ter auf deutsch \u2013 in der Sprache der M\u00f6rder. Ab 1965 lebt sie bis zu ihrem Tod 1988 in D\u00fcsseldorf.<br \/>\nSie ver\u00f6ffentlichte zahlreiche Gedichtb\u00e4nde, die hohe Auflagen erreichen, und ist wohl die meist verlegte Nachkriegsdichterin in der Bundesrepublik.<\/p>\n<\/div>\n\t\t<div class=\"mc-location\"><div class=\"address location vcard\"><div class=\"adr h-card\"><div><strong class=\"location-link\">Mariendom Linz<\/strong><\/div><div class='sub-address'><div class=\"mc-events-link\"><a class=\"location-link\" href=\"https:\/\/www.paxchristi.at\/?mc-locations=mariendom-linz\">Veranstaltungsort anschauen<\/a><\/div><\/div><\/div><\/div><\/div>\n\t\t<div class=\"sharing\">\t<p class='mc-details'><a aria-label='mehr: ganzt\u00e4gig: Linz, Ausstellung der Friedensbibliothek Berlin im Linzer Mariendom' href='https:\/\/www.paxchristi.at\/?mc-events=linz-ausstellung-der-friedensbibliothek-berlin-im-linzer-mariendom-2&#038;mc_id=313'>mehr<\/a><\/p>\n<\/div>\n\t<\/div><!--end .details-->\n\t<\/div>\n\n<\/td>\n<td id='calendar-2026-04-24' class='freitag fr past-day past-date   has-events author1 mcat_veranstaltung day-with-date'><div class='mc-date-container'>\n\t<span class='mc-date'><span aria-hidden='true'>24<\/span><span class='screen-reader-text'>24. April 2026<\/span><span class=\"event-icon\" aria-hidden=\"true\">&#9679;&#9679;<\/span><span class=\"screen-reader-text\"><span class=\"mc-list-details event-count\">(2 Veranstaltungen)<\/span><\/span><\/span><\/div>\n\n\t<div id='mc_calendar_24_313-calendar-my-calendar' class='mc-mc_calendar_313 calendar-event mc_veranstaltung on-now mc_primary_veranstaltung nonrecurring mc-2-monaten mc-start-00-00 mc-events multidate mc-event mc_rel_veranstaltung'>\n\t<h3 class='event-title summary' id='mc_313-title-my-calendar'><a href='#mc_calendar_24_313-calendar-details-my-calendar'  aria-expanded='false' aria-controls='mc_calendar_24_313-calendar-details-my-calendar' class='calendar open et_smooth_scroll_disabled opl-link url summary'><span>ganzt\u00e4gig: Linz, Ausstellung der Friedensbibliothek Berlin im Linzer Mariendom<\/span><\/a><\/h3>\n\n\t<div id='mc_calendar_24_313-calendar-details-my-calendar' class='details no-image single-details' aria-labelledby='mc_313-title-my-calendar'>\n\n\t\t<button type='button' aria-controls='mc_calendar_24_313-calendar-details-my-calendar' class='mc-toggle close' data-action='shiftforward'><span class='dashicons dashicons-dismiss' aria-hidden='true'><\/span><span class='screen-reader-text'>Close<\/span><\/button>\n\t\t<button type='button' aria-controls='mc_calendar_24_313-calendar-details-my-calendar' class='mc-toggle close' data-action='shiftforward'><span class='dashicons dashicons-dismiss' aria-hidden='true'><\/span><span class='screen-reader-text'>Close<\/span><\/button>\n\t\t<h4 class=\"mc-title\">ganzt\u00e4gig: Linz, Ausstellung der Friedensbibliothek Berlin im Linzer Mariendom<\/h4>\n\t\r\n\t<div class='time-block'>\r\n\t\t<p><span class=\"time-wrapper\"> <span class='event-time'>ganzt\u00e4gig<\/span>  <\/span><br \/><span class=\"date-wrapper\"><span class='mc-start-date dtstart' title='2026-04-23T00:00:00+02:00' content='2026-04-23T00:00:00+02:00'>23. April 2026<\/span> <span class='date-separator'> &ndash; <\/span> <span class=\"event-time dtend\">10. Juni 2026<\/span><\/span><\/p>\r\n\t<\/div>\n\t\t<div class='longdesc description'><p><strong>\u201eDennoch Rosen\u201c<\/strong><br \/>\nLeben und Werk der Dichterin Rose Ausl\u00e4nder<br \/>\nAusstellung der Friedensbibliothek Berlin im Linzer Mariendom<\/p>\n<p>Die Dichterin wird als Rosalie Scherzer 1901 im damaligen Czernowitz\/\u00d6sterreich-Ungarn geboren. Heute hei\u00dft der Ort Tscherniwzi und liegt im Westen der Ukraine. Sie w\u00e4chst in einer vielsprachigen Umwelt auf. Nach dem 1. Weltkrieg wird 1919 die Bukowina mit der Hauptstadt Czernowitz ru<br \/>\nm\u00e4nisch und hei\u00dft ab jetzt Cernauti. Sie nimmt ein Studium auf und heiratet 1921 Ignaz Ausl\u00e4nder. Beide entschlie\u00dfen sich zur Auswanderung in die USA. Nach ihrer Scheidung kehrt sie 1931 nach Czernowitz zur\u00fcck. 1939 erscheint ihr erster Gedichtband. Nach der deutschen Besetzung 1941 wird sie mit ihrer Mutter zwangsumgesiedelt in das dortige Ghetto. Sie entgeht jedoch Zwangsarbeit und Deportation und \u00fcberlebte in einem Kellerversteck \u2013 unter schrecklichen Umst\u00e4nden. Nur mit Hilfe von Freunden verhungert sie nicht. 1944 wird das Ghetto befreit und sie geht wieder in die USA. Sie schreibt weiter Gedichte, zuerst auf englisch, dann sp\u00e4ter auf deutsch \u2013 in der Sprache der M\u00f6rder. Ab 1965 lebt sie bis zu ihrem Tod 1988 in D\u00fcsseldorf.<br \/>\nSie ver\u00f6ffentlichte zahlreiche Gedichtb\u00e4nde, die hohe Auflagen erreichen, und ist wohl die meist verlegte Nachkriegsdichterin in der Bundesrepublik.<\/p>\n<\/div>\n\t\t<div class=\"mc-location\"><div class=\"address location vcard\"><div class=\"adr h-card\"><div><strong class=\"location-link\">Mariendom Linz<\/strong><\/div><div class='sub-address'><div class=\"mc-events-link\"><a class=\"location-link\" href=\"https:\/\/www.paxchristi.at\/?mc-locations=mariendom-linz\">Veranstaltungsort anschauen<\/a><\/div><\/div><\/div><\/div><\/div>\n\t\t<div class=\"sharing\">\t<p class='mc-details'><a aria-label='mehr: ganzt\u00e4gig: Linz, Ausstellung der Friedensbibliothek Berlin im Linzer Mariendom' href='https:\/\/www.paxchristi.at\/?mc-events=linz-ausstellung-der-friedensbibliothek-berlin-im-linzer-mariendom-2&#038;mc_id=313'>mehr<\/a><\/p>\n<\/div>\n\t<\/div><!--end .details-->\n\t<\/div>\n\n\n\t<div id='mc_calendar_24_308-calendar-my-calendar' class='mc-mc_calendar_308 calendar-event mc_veranstaltung past-event mc_primary_veranstaltung nonrecurring mc mc-start-18-00 mc-events mc-event mc_rel_veranstaltung'>\n\t<h3 class='event-title summary' id='mc_308-title-my-calendar'><a href='#mc_calendar_24_308-calendar-details-my-calendar'  aria-expanded='false' aria-controls='mc_calendar_24_308-calendar-details-my-calendar' class='calendar open et_smooth_scroll_disabled opl-link url summary'><span>18:00: Hohenems: Treffen von Pax Christi Vorarlberg<\/span><\/a><\/h3>\n\n\t<div id='mc_calendar_24_308-calendar-details-my-calendar' class='details no-image single-details' aria-labelledby='mc_308-title-my-calendar'>\n\n\t\t<button type='button' aria-controls='mc_calendar_24_308-calendar-details-my-calendar' class='mc-toggle close' data-action='shiftforward'><span class='dashicons dashicons-dismiss' aria-hidden='true'><\/span><span class='screen-reader-text'>Close<\/span><\/button>\n\t\t<button type='button' aria-controls='mc_calendar_24_308-calendar-details-my-calendar' class='mc-toggle close' data-action='shiftforward'><span class='dashicons dashicons-dismiss' aria-hidden='true'><\/span><span class='screen-reader-text'>Close<\/span><\/button>\n\t\t<h4 class=\"mc-title\">18:00: Hohenems: Treffen von Pax Christi Vorarlberg<\/h4>\n\t\r\n\t<div class='time-block'>\r\n\t\t<p><span class=\"time-wrapper\"><span class='event-time dtstart'><time class='value-title' datetime='2026-04-24T18:00:00+02:00' title='2026-04-24T18:00:00+02:00'>18:00<\/time><\/span>  <\/span><br \/><span class=\"date-wrapper\"><span class='mc-start-date dtstart' title='2026-04-24T18:00:00+02:00' content='2026-04-24T18:00:00+02:00'>24. April 2026<\/span>  <\/span><\/p>\r\n\t<\/div>\n\t\t<div class='longdesc description'><p>Treffen der Landesgruppe Vorarlberg f\u00fcr alle Interessierten<\/p>\n<\/div>\n\t\t<div class=\"mc-location\"><div class=\"address location vcard\"><div class=\"adr h-card\"><div><strong class=\"location-link\">Hohenems<\/strong><\/div><div class='sub-address'><div class=\"street-address p-street-address\">Liebigstra\u00dfe 3<\/div><div><span class=\"locality p-locality\">Hohenems<\/span><span class=\"mc-sep\">, <\/span><\/div><div class=\"country-name p-country-name\">\u00d6sterreich<\/div><div class=\"mc-events-link\"><a class=\"location-link\" href=\"https:\/\/www.paxchristi.at\/?mc-locations=hohenems-2\">Veranstaltungsort anschauen<\/a><\/div><\/div><\/div><\/div><\/div>\n\t\t<div class=\"sharing\">\t<p class='mc-details'><a aria-label='mehr: 18:00: Hohenems: Treffen von Pax Christi Vorarlberg' href='https:\/\/www.paxchristi.at\/?mc-events=hohenems-treffen-von-pax-christi-vorarlberg&#038;mc_id=308'>mehr<\/a><\/p>\n<\/div>\n\t<\/div><!--end .details-->\n\t<\/div>\n\n<\/td>\n<td id='calendar-2026-04-25' class='samstag sa past-day past-date weekend  has-events author1 mcat_veranstaltung day-with-date'><div class='mc-date-container'>\n\t<span class='mc-date'><span aria-hidden='true'>25<\/span><span class='screen-reader-text'>25. April 2026<\/span><span class=\"event-icon\" aria-hidden=\"true\">&#9679;<\/span><span class=\"screen-reader-text\"><span class=\"mc-list-details event-count\">(1 Veranstaltung)<\/span><\/span><\/span><\/div>\n\n\t<div id='mc_calendar_25_313-calendar-my-calendar' class='mc-mc_calendar_313 calendar-event mc_veranstaltung on-now mc_primary_veranstaltung nonrecurring mc-2-monaten mc-start-00-00 mc-events multidate mc-event mc_rel_veranstaltung'>\n\t<h3 class='event-title summary' id='mc_313-title-my-calendar'><a href='#mc_calendar_25_313-calendar-details-my-calendar'  aria-expanded='false' aria-controls='mc_calendar_25_313-calendar-details-my-calendar' class='calendar open et_smooth_scroll_disabled opl-link url summary'><span>ganzt\u00e4gig: Linz, Ausstellung der Friedensbibliothek Berlin im Linzer Mariendom<\/span><\/a><\/h3>\n\n\t<div id='mc_calendar_25_313-calendar-details-my-calendar' class='details no-image single-details' aria-labelledby='mc_313-title-my-calendar'>\n\n\t\t<button type='button' aria-controls='mc_calendar_25_313-calendar-details-my-calendar' class='mc-toggle close' data-action='shiftforward'><span class='dashicons dashicons-dismiss' aria-hidden='true'><\/span><span class='screen-reader-text'>Close<\/span><\/button>\n\t\t<button type='button' aria-controls='mc_calendar_25_313-calendar-details-my-calendar' class='mc-toggle close' data-action='shiftforward'><span class='dashicons dashicons-dismiss' aria-hidden='true'><\/span><span class='screen-reader-text'>Close<\/span><\/button>\n\t\t<h4 class=\"mc-title\">ganzt\u00e4gig: Linz, Ausstellung der Friedensbibliothek Berlin im Linzer Mariendom<\/h4>\n\t\r\n\t<div class='time-block'>\r\n\t\t<p><span class=\"time-wrapper\"> <span class='event-time'>ganzt\u00e4gig<\/span>  <\/span><br \/><span class=\"date-wrapper\"><span class='mc-start-date dtstart' title='2026-04-23T00:00:00+02:00' content='2026-04-23T00:00:00+02:00'>23. April 2026<\/span> <span class='date-separator'> &ndash; <\/span> <span class=\"event-time dtend\">10. Juni 2026<\/span><\/span><\/p>\r\n\t<\/div>\n\t\t<div class='longdesc description'><p><strong>\u201eDennoch Rosen\u201c<\/strong><br \/>\nLeben und Werk der Dichterin Rose Ausl\u00e4nder<br \/>\nAusstellung der Friedensbibliothek Berlin im Linzer Mariendom<\/p>\n<p>Die Dichterin wird als Rosalie Scherzer 1901 im damaligen Czernowitz\/\u00d6sterreich-Ungarn geboren. Heute hei\u00dft der Ort Tscherniwzi und liegt im Westen der Ukraine. Sie w\u00e4chst in einer vielsprachigen Umwelt auf. Nach dem 1. Weltkrieg wird 1919 die Bukowina mit der Hauptstadt Czernowitz ru<br \/>\nm\u00e4nisch und hei\u00dft ab jetzt Cernauti. Sie nimmt ein Studium auf und heiratet 1921 Ignaz Ausl\u00e4nder. Beide entschlie\u00dfen sich zur Auswanderung in die USA. Nach ihrer Scheidung kehrt sie 1931 nach Czernowitz zur\u00fcck. 1939 erscheint ihr erster Gedichtband. Nach der deutschen Besetzung 1941 wird sie mit ihrer Mutter zwangsumgesiedelt in das dortige Ghetto. Sie entgeht jedoch Zwangsarbeit und Deportation und \u00fcberlebte in einem Kellerversteck \u2013 unter schrecklichen Umst\u00e4nden. Nur mit Hilfe von Freunden verhungert sie nicht. 1944 wird das Ghetto befreit und sie geht wieder in die USA. Sie schreibt weiter Gedichte, zuerst auf englisch, dann sp\u00e4ter auf deutsch \u2013 in der Sprache der M\u00f6rder. Ab 1965 lebt sie bis zu ihrem Tod 1988 in D\u00fcsseldorf.<br \/>\nSie ver\u00f6ffentlichte zahlreiche Gedichtb\u00e4nde, die hohe Auflagen erreichen, und ist wohl die meist verlegte Nachkriegsdichterin in der Bundesrepublik.<\/p>\n<\/div>\n\t\t<div class=\"mc-location\"><div class=\"address location vcard\"><div class=\"adr h-card\"><div><strong class=\"location-link\">Mariendom Linz<\/strong><\/div><div class='sub-address'><div class=\"mc-events-link\"><a class=\"location-link\" href=\"https:\/\/www.paxchristi.at\/?mc-locations=mariendom-linz\">Veranstaltungsort anschauen<\/a><\/div><\/div><\/div><\/div><\/div>\n\t\t<div class=\"sharing\">\t<p class='mc-details'><a aria-label='mehr: ganzt\u00e4gig: Linz, Ausstellung der Friedensbibliothek Berlin im Linzer Mariendom' href='https:\/\/www.paxchristi.at\/?mc-events=linz-ausstellung-der-friedensbibliothek-berlin-im-linzer-mariendom-2&#038;mc_id=313'>mehr<\/a><\/p>\n<\/div>\n\t<\/div><!--end .details-->\n\t<\/div>\n\n<\/td>\n<td id='calendar-2026-04-26' class='sonntag so past-day past-date weekend  has-events author1 mcat_veranstaltung day-with-date'><div class='mc-date-container'>\n\t<span class='mc-date'><span aria-hidden='true'>26<\/span><span class='screen-reader-text'>26. April 2026<\/span><span class=\"event-icon\" aria-hidden=\"true\">&#9679;&#9679;<\/span><span class=\"screen-reader-text\"><span class=\"mc-list-details event-count\">(2 Veranstaltungen)<\/span><\/span><\/span><\/div>\n\n\t<div id='mc_calendar_26_313-calendar-my-calendar' class='mc-mc_calendar_313 calendar-event mc_veranstaltung on-now mc_primary_veranstaltung nonrecurring mc-2-monaten mc-start-00-00 mc-events multidate mc-event mc_rel_veranstaltung'>\n\t<h3 class='event-title summary' id='mc_313-title-my-calendar'><a href='#mc_calendar_26_313-calendar-details-my-calendar'  aria-expanded='false' aria-controls='mc_calendar_26_313-calendar-details-my-calendar' class='calendar open et_smooth_scroll_disabled opl-link url summary'><span>ganzt\u00e4gig: Linz, Ausstellung der Friedensbibliothek Berlin im Linzer Mariendom<\/span><\/a><\/h3>\n\n\t<div id='mc_calendar_26_313-calendar-details-my-calendar' class='details no-image single-details' aria-labelledby='mc_313-title-my-calendar'>\n\n\t\t<button type='button' aria-controls='mc_calendar_26_313-calendar-details-my-calendar' class='mc-toggle close' data-action='shiftforward'><span class='dashicons dashicons-dismiss' aria-hidden='true'><\/span><span class='screen-reader-text'>Close<\/span><\/button>\n\t\t<button type='button' aria-controls='mc_calendar_26_313-calendar-details-my-calendar' class='mc-toggle close' data-action='shiftforward'><span class='dashicons dashicons-dismiss' aria-hidden='true'><\/span><span class='screen-reader-text'>Close<\/span><\/button>\n\t\t<h4 class=\"mc-title\">ganzt\u00e4gig: Linz, Ausstellung der Friedensbibliothek Berlin im Linzer Mariendom<\/h4>\n\t\r\n\t<div class='time-block'>\r\n\t\t<p><span class=\"time-wrapper\"> <span class='event-time'>ganzt\u00e4gig<\/span>  <\/span><br \/><span class=\"date-wrapper\"><span class='mc-start-date dtstart' title='2026-04-23T00:00:00+02:00' content='2026-04-23T00:00:00+02:00'>23. April 2026<\/span> <span class='date-separator'> &ndash; <\/span> <span class=\"event-time dtend\">10. Juni 2026<\/span><\/span><\/p>\r\n\t<\/div>\n\t\t<div class='longdesc description'><p><strong>\u201eDennoch Rosen\u201c<\/strong><br \/>\nLeben und Werk der Dichterin Rose Ausl\u00e4nder<br \/>\nAusstellung der Friedensbibliothek Berlin im Linzer Mariendom<\/p>\n<p>Die Dichterin wird als Rosalie Scherzer 1901 im damaligen Czernowitz\/\u00d6sterreich-Ungarn geboren. Heute hei\u00dft der Ort Tscherniwzi und liegt im Westen der Ukraine. Sie w\u00e4chst in einer vielsprachigen Umwelt auf. Nach dem 1. Weltkrieg wird 1919 die Bukowina mit der Hauptstadt Czernowitz ru<br \/>\nm\u00e4nisch und hei\u00dft ab jetzt Cernauti. Sie nimmt ein Studium auf und heiratet 1921 Ignaz Ausl\u00e4nder. Beide entschlie\u00dfen sich zur Auswanderung in die USA. Nach ihrer Scheidung kehrt sie 1931 nach Czernowitz zur\u00fcck. 1939 erscheint ihr erster Gedichtband. Nach der deutschen Besetzung 1941 wird sie mit ihrer Mutter zwangsumgesiedelt in das dortige Ghetto. Sie entgeht jedoch Zwangsarbeit und Deportation und \u00fcberlebte in einem Kellerversteck \u2013 unter schrecklichen Umst\u00e4nden. Nur mit Hilfe von Freunden verhungert sie nicht. 1944 wird das Ghetto befreit und sie geht wieder in die USA. Sie schreibt weiter Gedichte, zuerst auf englisch, dann sp\u00e4ter auf deutsch \u2013 in der Sprache der M\u00f6rder. Ab 1965 lebt sie bis zu ihrem Tod 1988 in D\u00fcsseldorf.<br \/>\nSie ver\u00f6ffentlichte zahlreiche Gedichtb\u00e4nde, die hohe Auflagen erreichen, und ist wohl die meist verlegte Nachkriegsdichterin in der Bundesrepublik.<\/p>\n<\/div>\n\t\t<div class=\"mc-location\"><div class=\"address location vcard\"><div class=\"adr h-card\"><div><strong class=\"location-link\">Mariendom Linz<\/strong><\/div><div class='sub-address'><div class=\"mc-events-link\"><a class=\"location-link\" href=\"https:\/\/www.paxchristi.at\/?mc-locations=mariendom-linz\">Veranstaltungsort anschauen<\/a><\/div><\/div><\/div><\/div><\/div>\n\t\t<div class=\"sharing\">\t<p class='mc-details'><a aria-label='mehr: ganzt\u00e4gig: Linz, Ausstellung der Friedensbibliothek Berlin im Linzer Mariendom' href='https:\/\/www.paxchristi.at\/?mc-events=linz-ausstellung-der-friedensbibliothek-berlin-im-linzer-mariendom-2&#038;mc_id=313'>mehr<\/a><\/p>\n<\/div>\n\t<\/div><!--end .details-->\n\t<\/div>\n\n\n\t<div id='mc_calendar_26_312-calendar-my-calendar' class='mc-mc_calendar_312 calendar-event mc_veranstaltung past-event mc_primary_veranstaltung nonrecurring mc mc-start-19-00 mc-events mc-event mc_rel_veranstaltung'>\n\t<h3 class='event-title summary' id='mc_312-title-my-calendar'><a href='#mc_calendar_26_312-calendar-details-my-calendar'  aria-expanded='false' aria-controls='mc_calendar_26_312-calendar-details-my-calendar' class='calendar open et_smooth_scroll_disabled opl-link url summary'><span>19:00: Linz, Lichter f\u00fcr den Frieden<\/span><\/a><\/h3>\n\n\t<div id='mc_calendar_26_312-calendar-details-my-calendar' class='details no-image single-details' aria-labelledby='mc_312-title-my-calendar'>\n\n\t\t<button type='button' aria-controls='mc_calendar_26_312-calendar-details-my-calendar' class='mc-toggle close' data-action='shiftforward'><span class='dashicons dashicons-dismiss' aria-hidden='true'><\/span><span class='screen-reader-text'>Close<\/span><\/button>\n\t\t<button type='button' aria-controls='mc_calendar_26_312-calendar-details-my-calendar' class='mc-toggle close' data-action='shiftforward'><span class='dashicons dashicons-dismiss' aria-hidden='true'><\/span><span class='screen-reader-text'>Close<\/span><\/button>\n\t\t<h4 class=\"mc-title\">19:00: Linz, Lichter f\u00fcr den Frieden<\/h4>\n\t\r\n\t<div class='time-block'>\r\n\t\t<p><span class=\"time-wrapper\"><span class='event-time dtstart'><time class='value-title' datetime='2026-04-26T19:00:00+02:00' title='2026-04-26T19:00:00+02:00'>19:00<\/time><\/span>  <\/span><br \/><span class=\"date-wrapper\"><span class='mc-start-date dtstart' title='2026-04-26T19:00:00+02:00' content='2026-04-26T19:00:00+02:00'>26. April 2026<\/span>  <\/span><\/p>\r\n\t<\/div>\n\t\t<div class='longdesc description'><p>Das \u201eLinzer Friedensnetzwerk\", ein wachsender Zusammenschluss von Organisationen, Initiativen und Personen, die sich f\u00fcr den Frieden und gegen Krieg stark machen, l\u00e4dt zur Teilnahme an der Kundgebung \u201eLichter f\u00fcr den Frieden\" ein.<\/p>\n<p><a href=\"https:\/\/www.friedensakademie.at\/2026\/04\/26-april-lic-hter-fur-den-frieden-am.html?mtm_campaign=newsletter-friedensstadt&amp;mtm_source=newsletter&amp;mtm_medium=e-mail&amp;mtm_content=button\">Friedensakademie Linz : 26. April: \"Lichter f\u00fcr den Frieden\" am Hauptplatz Linz<\/a><\/p>\n<\/div>\n\t\t<div class=\"mc-location\"><div class=\"address location vcard\"><div class=\"adr h-card\"><div><strong class=\"location-link\">Hauptplatz Linz<\/strong><\/div><div class='sub-address'><div><span class=\"locality p-locality\">Linz<\/span><span class=\"mc-sep\">, <\/span> <span class=\"postal-code p-postal-code\">4020<\/span><\/div><div class=\"mc-events-link\"><a class=\"location-link\" href=\"https:\/\/www.paxchristi.at\/?mc-locations=hauptplatz-linz\">Veranstaltungsort anschauen<\/a><\/div><\/div><\/div><\/div><\/div>\n\t\t<div class=\"sharing\">\t<p class='mc-details'><a aria-label='mehr: 19:00: Linz, Lichter f\u00fcr den Frieden' href='https:\/\/www.paxchristi.at\/?mc-events=linz-lichter-fuer-den-frieden-2&#038;mc_id=312'>mehr<\/a><\/p>\n<\/div>\n\t<\/div><!--end .details-->\n\t<\/div>\n\n<\/td>\n<\/tr>\n<!-- End Event Row -->\n<tr class='mc-row'><td id='calendar-2026-04-27' class='montag mo past-day past-date   has-events author1 mcat_veranstaltung day-with-date'><div class='mc-date-container'>\n\t<span class='mc-date'><span aria-hidden='true'>27<\/span><span class='screen-reader-text'>27. April 2026<\/span><span class=\"event-icon\" aria-hidden=\"true\">&#9679;&#9679;<\/span><span class=\"screen-reader-text\"><span class=\"mc-list-details event-count\">(2 Veranstaltungen)<\/span><\/span><\/span><\/div>\n\n\t<div id='mc_calendar_27_313-calendar-my-calendar' class='mc-mc_calendar_313 calendar-event mc_veranstaltung on-now mc_primary_veranstaltung nonrecurring mc-2-monaten mc-start-00-00 mc-events multidate mc-event mc_rel_veranstaltung'>\n\t<h3 class='event-title summary' id='mc_313-title-my-calendar'><a href='#mc_calendar_27_313-calendar-details-my-calendar'  aria-expanded='false' aria-controls='mc_calendar_27_313-calendar-details-my-calendar' class='calendar open et_smooth_scroll_disabled opl-link url summary'><span>ganzt\u00e4gig: Linz, Ausstellung der Friedensbibliothek Berlin im Linzer Mariendom<\/span><\/a><\/h3>\n\n\t<div id='mc_calendar_27_313-calendar-details-my-calendar' class='details no-image single-details' aria-labelledby='mc_313-title-my-calendar'>\n\n\t\t<button type='button' aria-controls='mc_calendar_27_313-calendar-details-my-calendar' class='mc-toggle close' data-action='shiftforward'><span class='dashicons dashicons-dismiss' aria-hidden='true'><\/span><span class='screen-reader-text'>Close<\/span><\/button>\n\t\t<button type='button' aria-controls='mc_calendar_27_313-calendar-details-my-calendar' class='mc-toggle close' data-action='shiftforward'><span class='dashicons dashicons-dismiss' aria-hidden='true'><\/span><span class='screen-reader-text'>Close<\/span><\/button>\n\t\t<h4 class=\"mc-title\">ganzt\u00e4gig: Linz, Ausstellung der Friedensbibliothek Berlin im Linzer Mariendom<\/h4>\n\t\r\n\t<div class='time-block'>\r\n\t\t<p><span class=\"time-wrapper\"> <span class='event-time'>ganzt\u00e4gig<\/span>  <\/span><br \/><span class=\"date-wrapper\"><span class='mc-start-date dtstart' title='2026-04-23T00:00:00+02:00' content='2026-04-23T00:00:00+02:00'>23. April 2026<\/span> <span class='date-separator'> &ndash; <\/span> <span class=\"event-time dtend\">10. Juni 2026<\/span><\/span><\/p>\r\n\t<\/div>\n\t\t<div class='longdesc description'><p><strong>\u201eDennoch Rosen\u201c<\/strong><br \/>\nLeben und Werk der Dichterin Rose Ausl\u00e4nder<br \/>\nAusstellung der Friedensbibliothek Berlin im Linzer Mariendom<\/p>\n<p>Die Dichterin wird als Rosalie Scherzer 1901 im damaligen Czernowitz\/\u00d6sterreich-Ungarn geboren. Heute hei\u00dft der Ort Tscherniwzi und liegt im Westen der Ukraine. Sie w\u00e4chst in einer vielsprachigen Umwelt auf. Nach dem 1. Weltkrieg wird 1919 die Bukowina mit der Hauptstadt Czernowitz ru<br \/>\nm\u00e4nisch und hei\u00dft ab jetzt Cernauti. Sie nimmt ein Studium auf und heiratet 1921 Ignaz Ausl\u00e4nder. Beide entschlie\u00dfen sich zur Auswanderung in die USA. Nach ihrer Scheidung kehrt sie 1931 nach Czernowitz zur\u00fcck. 1939 erscheint ihr erster Gedichtband. Nach der deutschen Besetzung 1941 wird sie mit ihrer Mutter zwangsumgesiedelt in das dortige Ghetto. Sie entgeht jedoch Zwangsarbeit und Deportation und \u00fcberlebte in einem Kellerversteck \u2013 unter schrecklichen Umst\u00e4nden. Nur mit Hilfe von Freunden verhungert sie nicht. 1944 wird das Ghetto befreit und sie geht wieder in die USA. Sie schreibt weiter Gedichte, zuerst auf englisch, dann sp\u00e4ter auf deutsch \u2013 in der Sprache der M\u00f6rder. Ab 1965 lebt sie bis zu ihrem Tod 1988 in D\u00fcsseldorf.<br \/>\nSie ver\u00f6ffentlichte zahlreiche Gedichtb\u00e4nde, die hohe Auflagen erreichen, und ist wohl die meist verlegte Nachkriegsdichterin in der Bundesrepublik.<\/p>\n<\/div>\n\t\t<div class=\"mc-location\"><div class=\"address location vcard\"><div class=\"adr h-card\"><div><strong class=\"location-link\">Mariendom Linz<\/strong><\/div><div class='sub-address'><div class=\"mc-events-link\"><a class=\"location-link\" href=\"https:\/\/www.paxchristi.at\/?mc-locations=mariendom-linz\">Veranstaltungsort anschauen<\/a><\/div><\/div><\/div><\/div><\/div>\n\t\t<div class=\"sharing\">\t<p class='mc-details'><a aria-label='mehr: ganzt\u00e4gig: Linz, Ausstellung der Friedensbibliothek Berlin im Linzer Mariendom' href='https:\/\/www.paxchristi.at\/?mc-events=linz-ausstellung-der-friedensbibliothek-berlin-im-linzer-mariendom-2&#038;mc_id=313'>mehr<\/a><\/p>\n<\/div>\n\t<\/div><!--end .details-->\n\t<\/div>\n\n\n\t<div id='mc_calendar_27_316-calendar-my-calendar' class='mc-mc_calendar_316 calendar-event mc_veranstaltung past-event mc_primary_veranstaltung nonrecurring mc-2-stunden mc-start-19-30 mc-events mc-event mc_rel_veranstaltung'>\n\t<h3 class='event-title summary' id='mc_316-title-my-calendar'><a href='#mc_calendar_27_316-calendar-details-my-calendar'  aria-expanded='false' aria-controls='mc_calendar_27_316-calendar-details-my-calendar' class='calendar open et_smooth_scroll_disabled opl-link url summary'><span>19:30: Dornbirn, Vortrag \"F\u00fcr den Frieden k\u00e4mpfen\"<\/span><\/a><\/h3>\n\n\t<div id='mc_calendar_27_316-calendar-details-my-calendar' class='details no-image single-details' aria-labelledby='mc_316-title-my-calendar'>\n\n\t\t<button type='button' aria-controls='mc_calendar_27_316-calendar-details-my-calendar' class='mc-toggle close' data-action='shiftforward'><span class='dashicons dashicons-dismiss' aria-hidden='true'><\/span><span class='screen-reader-text'>Close<\/span><\/button>\n\t\t<button type='button' aria-controls='mc_calendar_27_316-calendar-details-my-calendar' class='mc-toggle close' data-action='shiftforward'><span class='dashicons dashicons-dismiss' aria-hidden='true'><\/span><span class='screen-reader-text'>Close<\/span><\/button>\n\t\t<h4 class=\"mc-title\">19:30: Dornbirn, Vortrag \"F\u00fcr den Frieden k\u00e4mpfen\"<\/h4>\n\t\r\n\t<div class='time-block'>\r\n\t\t<p><span class=\"time-wrapper\"><span class='event-time dtstart'><time class='value-title' datetime='2026-04-27T19:30:00+02:00' title='2026-04-27T19:30:00+02:00'>19:30<\/time><\/span> <span class='time-separator'> &ndash; <\/span> <span class='end-time dtend'> <time class='value-title' datetime='2026-04-27T21:00:00+02:00' title='2026-04-27T21:00:00+02:00'>21:00<\/time><\/span><\/span><br \/><span class=\"date-wrapper\"><span class='mc-start-date dtstart' title='2026-04-27T19:30:00+02:00' content='2026-04-27T19:30:00+02:00'>27. April 2026<\/span>  <\/span><\/p>\r\n\t<\/div>\n\t\t<div class='longdesc description'><p><strong>F\u00fcr den Frieden k\u00e4mpfen.<\/strong><br \/>\n<strong>Wie geht Friede?<\/strong><\/p>\n<p><em>Gesellschaftspolitischer Stammtisch<\/em><\/p>\n<p>Kriege r\u00fccken n\u00e4her, Spannungen wachsen \u2013 Frieden ist nichts Selbstverst\u00e4ndliches mehr. Mit Wolfgang Palaver sprechen wir dar\u00fcber, ob wir auf mehr Gewalt zusteuern und welche Alternativen es gibt.<\/p>\n<p>Wir suchen nach Antworten auf Fragen der Aufr\u00fcstung, des gebrochenen V\u00f6lkerrechts und des Einflusses von Reichen auf die Politik. Welche M\u00f6glichkeiten bieten gewaltfreier Widerstand, die soziale Landesverteidigung oder auch das Konzept des \u201egerechten Friedens\u201c, um als Gesellschaft auf Eskalation zu reagieren? Denn Pers\u00f6nlichkeiten wie Mahatma Gandhi oder Nelson Mandela zeigen: Frieden ist kein Zufall, sondern das Ergebnis bewusster Entscheidungen.<\/p>\n<p><strong>Kostenlose Anmeldung unter: ethik@kath-kirche-vorarlberg.at<\/strong><\/p>\n<\/div>\n\t\t<div class=\"mc-location\"><div class=\"address location vcard\"><div class=\"adr h-card\"><div><strong class=\"location-link\"> WirkRaum Dornbirn<\/strong><\/div><div class='sub-address'><div class=\"street-address p-street-address\">Bahnhofstra\u00dfe 9<\/div><div><span class=\"locality p-locality\">Dornbirn<\/span><span class=\"mc-sep\">, <\/span> <span class=\"postal-code p-postal-code\">6850<\/span><\/div><div class=\"mc-events-link\"><a class=\"location-link\" href=\"https:\/\/www.paxchristi.at\/?mc-locations=wirkraum-dornbirn\">Veranstaltungsort anschauen<\/a><\/div><\/div><\/div><\/div><\/div>\n\t\t<div class=\"sharing\">\t<p class='mc-details'><a aria-label='mehr: 19:30: Dornbirn, Vortrag &quot;F\u00fcr den Frieden k\u00e4mpfen&quot;' href='https:\/\/www.paxchristi.at\/?mc-events=dornbirn-vortrag-fuer-den-frieden-kaempfen&#038;mc_id=316'>mehr<\/a><\/p>\n<\/div>\n\t<\/div><!--end .details-->\n\t<\/div>\n\n<\/td>\n<td id='calendar-2026-04-28' class='dienstag di past-day past-date   has-events author1 mcat_veranstaltung day-with-date'><div class='mc-date-container'>\n\t<span class='mc-date'><span aria-hidden='true'>28<\/span><span class='screen-reader-text'>28. April 2026<\/span><span class=\"event-icon\" aria-hidden=\"true\">&#9679;&#9679;<\/span><span class=\"screen-reader-text\"><span class=\"mc-list-details event-count\">(2 Veranstaltungen)<\/span><\/span><\/span><\/div>\n\n\t<div id='mc_calendar_28_313-calendar-my-calendar' class='mc-mc_calendar_313 calendar-event mc_veranstaltung on-now mc_primary_veranstaltung nonrecurring mc-2-monaten mc-start-00-00 mc-events multidate mc-event mc_rel_veranstaltung'>\n\t<h3 class='event-title summary' id='mc_313-title-my-calendar'><a href='#mc_calendar_28_313-calendar-details-my-calendar'  aria-expanded='false' aria-controls='mc_calendar_28_313-calendar-details-my-calendar' class='calendar open et_smooth_scroll_disabled opl-link url summary'><span>ganzt\u00e4gig: Linz, Ausstellung der Friedensbibliothek Berlin im Linzer Mariendom<\/span><\/a><\/h3>\n\n\t<div id='mc_calendar_28_313-calendar-details-my-calendar' class='details no-image single-details' aria-labelledby='mc_313-title-my-calendar'>\n\n\t\t<button type='button' aria-controls='mc_calendar_28_313-calendar-details-my-calendar' class='mc-toggle close' data-action='shiftforward'><span class='dashicons dashicons-dismiss' aria-hidden='true'><\/span><span class='screen-reader-text'>Close<\/span><\/button>\n\t\t<button type='button' aria-controls='mc_calendar_28_313-calendar-details-my-calendar' class='mc-toggle close' data-action='shiftforward'><span class='dashicons dashicons-dismiss' aria-hidden='true'><\/span><span class='screen-reader-text'>Close<\/span><\/button>\n\t\t<h4 class=\"mc-title\">ganzt\u00e4gig: Linz, Ausstellung der Friedensbibliothek Berlin im Linzer Mariendom<\/h4>\n\t\r\n\t<div class='time-block'>\r\n\t\t<p><span class=\"time-wrapper\"> <span class='event-time'>ganzt\u00e4gig<\/span>  <\/span><br \/><span class=\"date-wrapper\"><span class='mc-start-date dtstart' title='2026-04-23T00:00:00+02:00' content='2026-04-23T00:00:00+02:00'>23. April 2026<\/span> <span class='date-separator'> &ndash; <\/span> <span class=\"event-time dtend\">10. Juni 2026<\/span><\/span><\/p>\r\n\t<\/div>\n\t\t<div class='longdesc description'><p><strong>\u201eDennoch Rosen\u201c<\/strong><br \/>\nLeben und Werk der Dichterin Rose Ausl\u00e4nder<br \/>\nAusstellung der Friedensbibliothek Berlin im Linzer Mariendom<\/p>\n<p>Die Dichterin wird als Rosalie Scherzer 1901 im damaligen Czernowitz\/\u00d6sterreich-Ungarn geboren. Heute hei\u00dft der Ort Tscherniwzi und liegt im Westen der Ukraine. Sie w\u00e4chst in einer vielsprachigen Umwelt auf. Nach dem 1. Weltkrieg wird 1919 die Bukowina mit der Hauptstadt Czernowitz ru<br \/>\nm\u00e4nisch und hei\u00dft ab jetzt Cernauti. Sie nimmt ein Studium auf und heiratet 1921 Ignaz Ausl\u00e4nder. Beide entschlie\u00dfen sich zur Auswanderung in die USA. Nach ihrer Scheidung kehrt sie 1931 nach Czernowitz zur\u00fcck. 1939 erscheint ihr erster Gedichtband. Nach der deutschen Besetzung 1941 wird sie mit ihrer Mutter zwangsumgesiedelt in das dortige Ghetto. Sie entgeht jedoch Zwangsarbeit und Deportation und \u00fcberlebte in einem Kellerversteck \u2013 unter schrecklichen Umst\u00e4nden. Nur mit Hilfe von Freunden verhungert sie nicht. 1944 wird das Ghetto befreit und sie geht wieder in die USA. Sie schreibt weiter Gedichte, zuerst auf englisch, dann sp\u00e4ter auf deutsch \u2013 in der Sprache der M\u00f6rder. Ab 1965 lebt sie bis zu ihrem Tod 1988 in D\u00fcsseldorf.<br \/>\nSie ver\u00f6ffentlichte zahlreiche Gedichtb\u00e4nde, die hohe Auflagen erreichen, und ist wohl die meist verlegte Nachkriegsdichterin in der Bundesrepublik.<\/p>\n<\/div>\n\t\t<div class=\"mc-location\"><div class=\"address location vcard\"><div class=\"adr h-card\"><div><strong class=\"location-link\">Mariendom Linz<\/strong><\/div><div class='sub-address'><div class=\"mc-events-link\"><a class=\"location-link\" href=\"https:\/\/www.paxchristi.at\/?mc-locations=mariendom-linz\">Veranstaltungsort anschauen<\/a><\/div><\/div><\/div><\/div><\/div>\n\t\t<div class=\"sharing\">\t<p class='mc-details'><a aria-label='mehr: ganzt\u00e4gig: Linz, Ausstellung der Friedensbibliothek Berlin im Linzer Mariendom' href='https:\/\/www.paxchristi.at\/?mc-events=linz-ausstellung-der-friedensbibliothek-berlin-im-linzer-mariendom-2&#038;mc_id=313'>mehr<\/a><\/p>\n<\/div>\n\t<\/div><!--end .details-->\n\t<\/div>\n\n\n\t<div id='mc_calendar_28_309-calendar-my-calendar' class='mc-mc_calendar_309 calendar-event mc_veranstaltung past-event mc_primary_veranstaltung nonrecurring mc mc-start-19-00 mc-events mc-event mc_rel_veranstaltung'>\n\t<h3 class='event-title summary' id='mc_309-title-my-calendar'><a href='#mc_calendar_28_309-calendar-details-my-calendar'  aria-expanded='false' aria-controls='mc_calendar_28_309-calendar-details-my-calendar' class='calendar open et_smooth_scroll_disabled opl-link url summary'><span>19:00: Feldkirch: Vortrag und Gespr\u00e4ch<\/span><\/a><\/h3>\n\n\t<div id='mc_calendar_28_309-calendar-details-my-calendar' class='details no-image single-details' aria-labelledby='mc_309-title-my-calendar'>\n\n\t\t<button type='button' aria-controls='mc_calendar_28_309-calendar-details-my-calendar' class='mc-toggle close' data-action='shiftforward'><span class='dashicons dashicons-dismiss' aria-hidden='true'><\/span><span class='screen-reader-text'>Close<\/span><\/button>\n\t\t<button type='button' aria-controls='mc_calendar_28_309-calendar-details-my-calendar' class='mc-toggle close' data-action='shiftforward'><span class='dashicons dashicons-dismiss' aria-hidden='true'><\/span><span class='screen-reader-text'>Close<\/span><\/button>\n\t\t<h4 class=\"mc-title\">19:00: Feldkirch: Vortrag und Gespr\u00e4ch<\/h4>\n\t\r\n\t<div class='time-block'>\r\n\t\t<p><span class=\"time-wrapper\"><span class='event-time dtstart'><time class='value-title' datetime='2026-04-28T19:00:00+02:00' title='2026-04-28T19:00:00+02:00'>19:00<\/time><\/span>  <\/span><br \/><span class=\"date-wrapper\"><span class='mc-start-date dtstart' title='2026-04-28T19:00:00+02:00' content='2026-04-28T19:00:00+02:00'>28. April 2026<\/span>  <\/span><\/p>\r\n\t<\/div>\n\t\t<div class='longdesc description'><p>mit Pater Moses Otii und Maria Biedrawa (Friedenspreistr\u00e4gerin Bremen 2024)<\/p>\n<p>Thema: Kirche stiftet Frieden, am Beispiel der zentralafrikanischen Republik<\/p>\n<\/div>\n\t\t<div class=\"mc-location\"><div class=\"address location vcard\"><div class=\"adr h-card\"><div><strong class=\"location-link\">Kapuzinerkloster Feldkirch<\/strong><\/div><div class='sub-address'><div class=\"street-address p-street-address\">Bahnhofstra\u00dfe 4<\/div><div><span class=\"locality p-locality\">Feldkirch<\/span><span class=\"mc-sep\">, <\/span><\/div><div class=\"mc-events-link\"><a class=\"location-link\" href=\"https:\/\/www.paxchristi.at\/?mc-locations=kapuzinerkloster-feldkirch\">Veranstaltungsort anschauen<\/a><\/div><\/div><\/div><\/div><\/div>\n\t\t<div class=\"sharing\">\t<p class='mc-details'><a aria-label='mehr: 19:00: Feldkirch: Vortrag und Gespr\u00e4ch' href='https:\/\/www.paxchristi.at\/?mc-events=feldkirch-vortrag-und-gespraech&#038;mc_id=309'>mehr<\/a><\/p>\n<\/div>\n\t<\/div><!--end .details-->\n\t<\/div>\n\n<\/td>\n<td id='calendar-2026-04-29' aria-current=\"date\" class='mittwoch mi current-day   has-events author1 mcat_veranstaltung day-with-date'><div class='mc-date-container'>\n\t<span class='mc-date'><span aria-hidden='true'>29<\/span><span class='screen-reader-text'>29. April 2026<\/span><span class=\"event-icon\" aria-hidden=\"true\">&#9679;<\/span><span class=\"screen-reader-text\"><span class=\"mc-list-details event-count\">(1 Veranstaltung)<\/span><\/span><\/span><\/div>\n\n\t<div id='mc_calendar_29_313-calendar-my-calendar' class='mc-mc_calendar_313 calendar-event mc_veranstaltung on-now mc_primary_veranstaltung nonrecurring mc-2-monaten mc-start-00-00 mc-events multidate mc-event mc_rel_veranstaltung'>\n\t<h3 class='event-title summary' id='mc_313-title-my-calendar'><a href='#mc_calendar_29_313-calendar-details-my-calendar'  aria-expanded='false' aria-controls='mc_calendar_29_313-calendar-details-my-calendar' class='calendar open et_smooth_scroll_disabled opl-link url summary'><span>ganzt\u00e4gig: Linz, Ausstellung der Friedensbibliothek Berlin im Linzer Mariendom<\/span><\/a><\/h3>\n\n\t<div id='mc_calendar_29_313-calendar-details-my-calendar' class='details no-image single-details' aria-labelledby='mc_313-title-my-calendar'>\n\n\t\t<button type='button' aria-controls='mc_calendar_29_313-calendar-details-my-calendar' class='mc-toggle close' data-action='shiftforward'><span class='dashicons dashicons-dismiss' aria-hidden='true'><\/span><span class='screen-reader-text'>Close<\/span><\/button>\n\t\t<button type='button' aria-controls='mc_calendar_29_313-calendar-details-my-calendar' class='mc-toggle close' data-action='shiftforward'><span class='dashicons dashicons-dismiss' aria-hidden='true'><\/span><span class='screen-reader-text'>Close<\/span><\/button>\n\t\t<h4 class=\"mc-title\">ganzt\u00e4gig: Linz, Ausstellung der Friedensbibliothek Berlin im Linzer Mariendom<\/h4>\n\t\r\n\t<div class='time-block'>\r\n\t\t<p><span class=\"time-wrapper\"> <span class='event-time'>ganzt\u00e4gig<\/span>  <\/span><br \/><span class=\"date-wrapper\"><span class='mc-start-date dtstart' title='2026-04-23T00:00:00+02:00' content='2026-04-23T00:00:00+02:00'>23. April 2026<\/span> <span class='date-separator'> &ndash; <\/span> <span class=\"event-time dtend\">10. Juni 2026<\/span><\/span><\/p>\r\n\t<\/div>\n\t\t<div class='longdesc description'><p><strong>\u201eDennoch Rosen\u201c<\/strong><br \/>\nLeben und Werk der Dichterin Rose Ausl\u00e4nder<br \/>\nAusstellung der Friedensbibliothek Berlin im Linzer Mariendom<\/p>\n<p>Die Dichterin wird als Rosalie Scherzer 1901 im damaligen Czernowitz\/\u00d6sterreich-Ungarn geboren. Heute hei\u00dft der Ort Tscherniwzi und liegt im Westen der Ukraine. Sie w\u00e4chst in einer vielsprachigen Umwelt auf. Nach dem 1. Weltkrieg wird 1919 die Bukowina mit der Hauptstadt Czernowitz ru<br \/>\nm\u00e4nisch und hei\u00dft ab jetzt Cernauti. Sie nimmt ein Studium auf und heiratet 1921 Ignaz Ausl\u00e4nder. Beide entschlie\u00dfen sich zur Auswanderung in die USA. Nach ihrer Scheidung kehrt sie 1931 nach Czernowitz zur\u00fcck. 1939 erscheint ihr erster Gedichtband. Nach der deutschen Besetzung 1941 wird sie mit ihrer Mutter zwangsumgesiedelt in das dortige Ghetto. Sie entgeht jedoch Zwangsarbeit und Deportation und \u00fcberlebte in einem Kellerversteck \u2013 unter schrecklichen Umst\u00e4nden. Nur mit Hilfe von Freunden verhungert sie nicht. 1944 wird das Ghetto befreit und sie geht wieder in die USA. Sie schreibt weiter Gedichte, zuerst auf englisch, dann sp\u00e4ter auf deutsch \u2013 in der Sprache der M\u00f6rder. Ab 1965 lebt sie bis zu ihrem Tod 1988 in D\u00fcsseldorf.<br \/>\nSie ver\u00f6ffentlichte zahlreiche Gedichtb\u00e4nde, die hohe Auflagen erreichen, und ist wohl die meist verlegte Nachkriegsdichterin in der Bundesrepublik.<\/p>\n<\/div>\n\t\t<div class=\"mc-location\"><div class=\"address location vcard\"><div class=\"adr h-card\"><div><strong class=\"location-link\">Mariendom Linz<\/strong><\/div><div class='sub-address'><div class=\"mc-events-link\"><a class=\"location-link\" href=\"https:\/\/www.paxchristi.at\/?mc-locations=mariendom-linz\">Veranstaltungsort anschauen<\/a><\/div><\/div><\/div><\/div><\/div>\n\t\t<div class=\"sharing\">\t<p class='mc-details'><a aria-label='mehr: ganzt\u00e4gig: Linz, Ausstellung der Friedensbibliothek Berlin im Linzer Mariendom' href='https:\/\/www.paxchristi.at\/?mc-events=linz-ausstellung-der-friedensbibliothek-berlin-im-linzer-mariendom-2&#038;mc_id=313'>mehr<\/a><\/p>\n<\/div>\n\t<\/div><!--end .details-->\n\t<\/div>\n\n<\/td>\n<td id='calendar-2026-04-30' class='donnerstag do future-day   has-events author1 mcat_veranstaltung day-with-date'><div class='mc-date-container'>\n\t<span class='mc-date'><span aria-hidden='true'>30<\/span><span class='screen-reader-text'>30. April 2026<\/span><span class=\"event-icon\" aria-hidden=\"true\">&#9679;<\/span><span class=\"screen-reader-text\"><span class=\"mc-list-details event-count\">(1 Veranstaltung)<\/span><\/span><\/span><\/div>\n\n\t<div id='mc_calendar_30_313-calendar-my-calendar' class='mc-mc_calendar_313 calendar-event mc_veranstaltung on-now mc_primary_veranstaltung nonrecurring mc-2-monaten mc-start-00-00 mc-events multidate mc-event mc_rel_veranstaltung'>\n\t<h3 class='event-title summary' id='mc_313-title-my-calendar'><a href='#mc_calendar_30_313-calendar-details-my-calendar'  aria-expanded='false' aria-controls='mc_calendar_30_313-calendar-details-my-calendar' class='calendar open et_smooth_scroll_disabled opl-link url summary'><span>ganzt\u00e4gig: Linz, Ausstellung der Friedensbibliothek Berlin im Linzer Mariendom<\/span><\/a><\/h3>\n\n\t<div id='mc_calendar_30_313-calendar-details-my-calendar' class='details no-image single-details' aria-labelledby='mc_313-title-my-calendar'>\n\n\t\t<button type='button' aria-controls='mc_calendar_30_313-calendar-details-my-calendar' class='mc-toggle close' data-action='shiftforward'><span class='dashicons dashicons-dismiss' aria-hidden='true'><\/span><span class='screen-reader-text'>Close<\/span><\/button>\n\t\t<button type='button' aria-controls='mc_calendar_30_313-calendar-details-my-calendar' class='mc-toggle close' data-action='shiftforward'><span class='dashicons dashicons-dismiss' aria-hidden='true'><\/span><span class='screen-reader-text'>Close<\/span><\/button>\n\t\t<h4 class=\"mc-title\">ganzt\u00e4gig: Linz, Ausstellung der Friedensbibliothek Berlin im Linzer Mariendom<\/h4>\n\t\r\n\t<div class='time-block'>\r\n\t\t<p><span class=\"time-wrapper\"> <span class='event-time'>ganzt\u00e4gig<\/span>  <\/span><br \/><span class=\"date-wrapper\"><span class='mc-start-date dtstart' title='2026-04-23T00:00:00+02:00' content='2026-04-23T00:00:00+02:00'>23. April 2026<\/span> <span class='date-separator'> &ndash; <\/span> <span class=\"event-time dtend\">10. Juni 2026<\/span><\/span><\/p>\r\n\t<\/div>\n\t\t<div class='longdesc description'><p><strong>\u201eDennoch Rosen\u201c<\/strong><br \/>\nLeben und Werk der Dichterin Rose Ausl\u00e4nder<br \/>\nAusstellung der Friedensbibliothek Berlin im Linzer Mariendom<\/p>\n<p>Die Dichterin wird als Rosalie Scherzer 1901 im damaligen Czernowitz\/\u00d6sterreich-Ungarn geboren. Heute hei\u00dft der Ort Tscherniwzi und liegt im Westen der Ukraine. Sie w\u00e4chst in einer vielsprachigen Umwelt auf. Nach dem 1. Weltkrieg wird 1919 die Bukowina mit der Hauptstadt Czernowitz ru<br \/>\nm\u00e4nisch und hei\u00dft ab jetzt Cernauti. Sie nimmt ein Studium auf und heiratet 1921 Ignaz Ausl\u00e4nder. Beide entschlie\u00dfen sich zur Auswanderung in die USA. Nach ihrer Scheidung kehrt sie 1931 nach Czernowitz zur\u00fcck. 1939 erscheint ihr erster Gedichtband. Nach der deutschen Besetzung 1941 wird sie mit ihrer Mutter zwangsumgesiedelt in das dortige Ghetto. Sie entgeht jedoch Zwangsarbeit und Deportation und \u00fcberlebte in einem Kellerversteck \u2013 unter schrecklichen Umst\u00e4nden. Nur mit Hilfe von Freunden verhungert sie nicht. 1944 wird das Ghetto befreit und sie geht wieder in die USA. Sie schreibt weiter Gedichte, zuerst auf englisch, dann sp\u00e4ter auf deutsch \u2013 in der Sprache der M\u00f6rder. Ab 1965 lebt sie bis zu ihrem Tod 1988 in D\u00fcsseldorf.<br \/>\nSie ver\u00f6ffentlichte zahlreiche Gedichtb\u00e4nde, die hohe Auflagen erreichen, und ist wohl die meist verlegte Nachkriegsdichterin in der Bundesrepublik.<\/p>\n<\/div>\n\t\t<div class=\"mc-location\"><div class=\"address location vcard\"><div class=\"adr h-card\"><div><strong class=\"location-link\">Mariendom Linz<\/strong><\/div><div class='sub-address'><div class=\"mc-events-link\"><a class=\"location-link\" href=\"https:\/\/www.paxchristi.at\/?mc-locations=mariendom-linz\">Veranstaltungsort anschauen<\/a><\/div><\/div><\/div><\/div><\/div>\n\t\t<div class=\"sharing\">\t<p class='mc-details'><a aria-label='mehr: ganzt\u00e4gig: Linz, Ausstellung der Friedensbibliothek Berlin im Linzer Mariendom' href='https:\/\/www.paxchristi.at\/?mc-events=linz-ausstellung-der-friedensbibliothek-berlin-im-linzer-mariendom-2&#038;mc_id=313'>mehr<\/a><\/p>\n<\/div>\n\t<\/div><!--end .details-->\n\t<\/div>\n\n<\/td>\n<td id='calendar-2026-05-01' class='freitag fr future-day  nextmonth has-events author1 mcat_veranstaltung day-with-date'><div class='mc-date-container'>\n\t<span class='mc-date'><span aria-hidden='true'>1<\/span><span class='screen-reader-text'>1. Mai 2026<\/span><span class=\"event-icon\" aria-hidden=\"true\">&#9679;<\/span><span class=\"screen-reader-text\"><span class=\"mc-list-details event-count\">(1 Veranstaltung)<\/span><\/span><\/span><\/div>\n\n\t<div id='mc_calendar_01_313-calendar-my-calendar' class='mc-mc_calendar_313 calendar-event mc_veranstaltung on-now mc_primary_veranstaltung nonrecurring mc-2-monaten mc-start-00-00 mc-events multidate mc-event mc_rel_veranstaltung'>\n\t<h3 class='event-title summary' id='mc_313-title-my-calendar'><a href='#mc_calendar_01_313-calendar-details-my-calendar'  aria-expanded='false' aria-controls='mc_calendar_01_313-calendar-details-my-calendar' class='calendar open et_smooth_scroll_disabled opl-link url summary'><span>ganzt\u00e4gig: Linz, Ausstellung der Friedensbibliothek Berlin im Linzer Mariendom<\/span><\/a><\/h3>\n\n\t<div id='mc_calendar_01_313-calendar-details-my-calendar' class='details no-image single-details' aria-labelledby='mc_313-title-my-calendar'>\n\n\t\t<button type='button' aria-controls='mc_calendar_01_313-calendar-details-my-calendar' class='mc-toggle close' data-action='shiftforward'><span class='dashicons dashicons-dismiss' aria-hidden='true'><\/span><span class='screen-reader-text'>Close<\/span><\/button>\n\t\t<button type='button' aria-controls='mc_calendar_01_313-calendar-details-my-calendar' class='mc-toggle close' data-action='shiftforward'><span class='dashicons dashicons-dismiss' aria-hidden='true'><\/span><span class='screen-reader-text'>Close<\/span><\/button>\n\t\t<h4 class=\"mc-title\">ganzt\u00e4gig: Linz, Ausstellung der Friedensbibliothek Berlin im Linzer Mariendom<\/h4>\n\t\r\n\t<div class='time-block'>\r\n\t\t<p><span class=\"time-wrapper\"> <span class='event-time'>ganzt\u00e4gig<\/span>  <\/span><br \/><span class=\"date-wrapper\"><span class='mc-start-date dtstart' title='2026-04-23T00:00:00+02:00' content='2026-04-23T00:00:00+02:00'>23. April 2026<\/span> <span class='date-separator'> &ndash; <\/span> <span class=\"event-time dtend\">10. Juni 2026<\/span><\/span><\/p>\r\n\t<\/div>\n\t\t<div class='longdesc description'><p><strong>\u201eDennoch Rosen\u201c<\/strong><br \/>\nLeben und Werk der Dichterin Rose Ausl\u00e4nder<br \/>\nAusstellung der Friedensbibliothek Berlin im Linzer Mariendom<\/p>\n<p>Die Dichterin wird als Rosalie Scherzer 1901 im damaligen Czernowitz\/\u00d6sterreich-Ungarn geboren. Heute hei\u00dft der Ort Tscherniwzi und liegt im Westen der Ukraine. Sie w\u00e4chst in einer vielsprachigen Umwelt auf. Nach dem 1. Weltkrieg wird 1919 die Bukowina mit der Hauptstadt Czernowitz ru<br \/>\nm\u00e4nisch und hei\u00dft ab jetzt Cernauti. Sie nimmt ein Studium auf und heiratet 1921 Ignaz Ausl\u00e4nder. Beide entschlie\u00dfen sich zur Auswanderung in die USA. Nach ihrer Scheidung kehrt sie 1931 nach Czernowitz zur\u00fcck. 1939 erscheint ihr erster Gedichtband. Nach der deutschen Besetzung 1941 wird sie mit ihrer Mutter zwangsumgesiedelt in das dortige Ghetto. Sie entgeht jedoch Zwangsarbeit und Deportation und \u00fcberlebte in einem Kellerversteck \u2013 unter schrecklichen Umst\u00e4nden. Nur mit Hilfe von Freunden verhungert sie nicht. 1944 wird das Ghetto befreit und sie geht wieder in die USA. Sie schreibt weiter Gedichte, zuerst auf englisch, dann sp\u00e4ter auf deutsch \u2013 in der Sprache der M\u00f6rder. Ab 1965 lebt sie bis zu ihrem Tod 1988 in D\u00fcsseldorf.<br \/>\nSie ver\u00f6ffentlichte zahlreiche Gedichtb\u00e4nde, die hohe Auflagen erreichen, und ist wohl die meist verlegte Nachkriegsdichterin in der Bundesrepublik.<\/p>\n<\/div>\n\t\t<div class=\"mc-location\"><div class=\"address location vcard\"><div class=\"adr h-card\"><div><strong class=\"location-link\">Mariendom Linz<\/strong><\/div><div class='sub-address'><div class=\"mc-events-link\"><a class=\"location-link\" href=\"https:\/\/www.paxchristi.at\/?mc-locations=mariendom-linz\">Veranstaltungsort anschauen<\/a><\/div><\/div><\/div><\/div><\/div>\n\t\t<div class=\"sharing\">\t<p class='mc-details'><a aria-label='mehr: ganzt\u00e4gig: Linz, Ausstellung der Friedensbibliothek Berlin im Linzer Mariendom' href='https:\/\/www.paxchristi.at\/?mc-events=linz-ausstellung-der-friedensbibliothek-berlin-im-linzer-mariendom-2&#038;mc_id=313'>mehr<\/a><\/p>\n<\/div>\n\t<\/div><!--end .details-->\n\t<\/div>\n\n<\/td>\n<td id='calendar-2026-05-02' class='samstag sa future-day weekend nextmonth has-events author1 mcat_veranstaltung day-with-date'><div class='mc-date-container'>\n\t<span class='mc-date'><span aria-hidden='true'>2<\/span><span class='screen-reader-text'>2. Mai 2026<\/span><span class=\"event-icon\" aria-hidden=\"true\">&#9679;<\/span><span class=\"screen-reader-text\"><span class=\"mc-list-details event-count\">(1 Veranstaltung)<\/span><\/span><\/span><\/div>\n\n\t<div id='mc_calendar_02_313-calendar-my-calendar' class='mc-mc_calendar_313 calendar-event mc_veranstaltung on-now mc_primary_veranstaltung nonrecurring mc-2-monaten mc-start-00-00 mc-events multidate mc-event mc_rel_veranstaltung'>\n\t<h3 class='event-title summary' id='mc_313-title-my-calendar'><a href='#mc_calendar_02_313-calendar-details-my-calendar'  aria-expanded='false' aria-controls='mc_calendar_02_313-calendar-details-my-calendar' class='calendar open et_smooth_scroll_disabled opl-link url summary'><span>ganzt\u00e4gig: Linz, Ausstellung der Friedensbibliothek Berlin im Linzer Mariendom<\/span><\/a><\/h3>\n\n\t<div id='mc_calendar_02_313-calendar-details-my-calendar' class='details no-image single-details' aria-labelledby='mc_313-title-my-calendar'>\n\n\t\t<button type='button' aria-controls='mc_calendar_02_313-calendar-details-my-calendar' class='mc-toggle close' data-action='shiftforward'><span class='dashicons dashicons-dismiss' aria-hidden='true'><\/span><span class='screen-reader-text'>Close<\/span><\/button>\n\t\t<button type='button' aria-controls='mc_calendar_02_313-calendar-details-my-calendar' class='mc-toggle close' data-action='shiftforward'><span class='dashicons dashicons-dismiss' aria-hidden='true'><\/span><span class='screen-reader-text'>Close<\/span><\/button>\n\t\t<h4 class=\"mc-title\">ganzt\u00e4gig: Linz, Ausstellung der Friedensbibliothek Berlin im Linzer Mariendom<\/h4>\n\t\r\n\t<div class='time-block'>\r\n\t\t<p><span class=\"time-wrapper\"> <span class='event-time'>ganzt\u00e4gig<\/span>  <\/span><br \/><span class=\"date-wrapper\"><span class='mc-start-date dtstart' title='2026-04-23T00:00:00+02:00' content='2026-04-23T00:00:00+02:00'>23. April 2026<\/span> <span class='date-separator'> &ndash; <\/span> <span class=\"event-time dtend\">10. Juni 2026<\/span><\/span><\/p>\r\n\t<\/div>\n\t\t<div class='longdesc description'><p><strong>\u201eDennoch Rosen\u201c<\/strong><br \/>\nLeben und Werk der Dichterin Rose Ausl\u00e4nder<br \/>\nAusstellung der Friedensbibliothek Berlin im Linzer Mariendom<\/p>\n<p>Die Dichterin wird als Rosalie Scherzer 1901 im damaligen Czernowitz\/\u00d6sterreich-Ungarn geboren. Heute hei\u00dft der Ort Tscherniwzi und liegt im Westen der Ukraine. Sie w\u00e4chst in einer vielsprachigen Umwelt auf. Nach dem 1. Weltkrieg wird 1919 die Bukowina mit der Hauptstadt Czernowitz ru<br \/>\nm\u00e4nisch und hei\u00dft ab jetzt Cernauti. Sie nimmt ein Studium auf und heiratet 1921 Ignaz Ausl\u00e4nder. Beide entschlie\u00dfen sich zur Auswanderung in die USA. Nach ihrer Scheidung kehrt sie 1931 nach Czernowitz zur\u00fcck. 1939 erscheint ihr erster Gedichtband. Nach der deutschen Besetzung 1941 wird sie mit ihrer Mutter zwangsumgesiedelt in das dortige Ghetto. Sie entgeht jedoch Zwangsarbeit und Deportation und \u00fcberlebte in einem Kellerversteck \u2013 unter schrecklichen Umst\u00e4nden. Nur mit Hilfe von Freunden verhungert sie nicht. 1944 wird das Ghetto befreit und sie geht wieder in die USA. Sie schreibt weiter Gedichte, zuerst auf englisch, dann sp\u00e4ter auf deutsch \u2013 in der Sprache der M\u00f6rder. Ab 1965 lebt sie bis zu ihrem Tod 1988 in D\u00fcsseldorf.<br \/>\nSie ver\u00f6ffentlichte zahlreiche Gedichtb\u00e4nde, die hohe Auflagen erreichen, und ist wohl die meist verlegte Nachkriegsdichterin in der Bundesrepublik.<\/p>\n<\/div>\n\t\t<div class=\"mc-location\"><div class=\"address location vcard\"><div class=\"adr h-card\"><div><strong class=\"location-link\">Mariendom Linz<\/strong><\/div><div class='sub-address'><div class=\"mc-events-link\"><a class=\"location-link\" href=\"https:\/\/www.paxchristi.at\/?mc-locations=mariendom-linz\">Veranstaltungsort anschauen<\/a><\/div><\/div><\/div><\/div><\/div>\n\t\t<div class=\"sharing\">\t<p class='mc-details'><a aria-label='mehr: ganzt\u00e4gig: Linz, Ausstellung der Friedensbibliothek Berlin im Linzer Mariendom' href='https:\/\/www.paxchristi.at\/?mc-events=linz-ausstellung-der-friedensbibliothek-berlin-im-linzer-mariendom-2&#038;mc_id=313'>mehr<\/a><\/p>\n<\/div>\n\t<\/div><!--end .details-->\n\t<\/div>\n\n<\/td>\n<td id='calendar-2026-05-03' class='sonntag so future-day weekend nextmonth has-events author1 mcat_veranstaltung day-with-date'><div class='mc-date-container'>\n\t<span class='mc-date'><span aria-hidden='true'>3<\/span><span class='screen-reader-text'>3. Mai 2026<\/span><span class=\"event-icon\" aria-hidden=\"true\">&#9679;<\/span><span class=\"screen-reader-text\"><span class=\"mc-list-details event-count\">(1 Veranstaltung)<\/span><\/span><\/span><\/div>\n\n\t<div id='mc_calendar_03_313-calendar-my-calendar' class='mc-mc_calendar_313 calendar-event mc_veranstaltung on-now mc_primary_veranstaltung nonrecurring mc-2-monaten mc-start-00-00 mc-events multidate mc-event mc_rel_veranstaltung'>\n\t<h3 class='event-title summary' id='mc_313-title-my-calendar'><a href='#mc_calendar_03_313-calendar-details-my-calendar'  aria-expanded='false' aria-controls='mc_calendar_03_313-calendar-details-my-calendar' class='calendar open et_smooth_scroll_disabled opl-link url summary'><span>ganzt\u00e4gig: Linz, Ausstellung der Friedensbibliothek Berlin im Linzer Mariendom<\/span><\/a><\/h3>\n\n\t<div id='mc_calendar_03_313-calendar-details-my-calendar' class='details no-image single-details' aria-labelledby='mc_313-title-my-calendar'>\n\n\t\t<button type='button' aria-controls='mc_calendar_03_313-calendar-details-my-calendar' class='mc-toggle close' data-action='shiftforward'><span class='dashicons dashicons-dismiss' aria-hidden='true'><\/span><span class='screen-reader-text'>Close<\/span><\/button>\n\t\t<button type='button' aria-controls='mc_calendar_03_313-calendar-details-my-calendar' class='mc-toggle close' data-action='shiftforward'><span class='dashicons dashicons-dismiss' aria-hidden='true'><\/span><span class='screen-reader-text'>Close<\/span><\/button>\n\t\t<h4 class=\"mc-title\">ganzt\u00e4gig: Linz, Ausstellung der Friedensbibliothek Berlin im Linzer Mariendom<\/h4>\n\t\r\n\t<div class='time-block'>\r\n\t\t<p><span class=\"time-wrapper\"> <span class='event-time'>ganzt\u00e4gig<\/span>  <\/span><br \/><span class=\"date-wrapper\"><span class='mc-start-date dtstart' title='2026-04-23T00:00:00+02:00' content='2026-04-23T00:00:00+02:00'>23. April 2026<\/span> <span class='date-separator'> &ndash; <\/span> <span class=\"event-time dtend\">10. Juni 2026<\/span><\/span><\/p>\r\n\t<\/div>\n\t\t<div class='longdesc description'><p><strong>\u201eDennoch Rosen\u201c<\/strong><br \/>\nLeben und Werk der Dichterin Rose Ausl\u00e4nder<br \/>\nAusstellung der Friedensbibliothek Berlin im Linzer Mariendom<\/p>\n<p>Die Dichterin wird als Rosalie Scherzer 1901 im damaligen Czernowitz\/\u00d6sterreich-Ungarn geboren. Heute hei\u00dft der Ort Tscherniwzi und liegt im Westen der Ukraine. Sie w\u00e4chst in einer vielsprachigen Umwelt auf. Nach dem 1. Weltkrieg wird 1919 die Bukowina mit der Hauptstadt Czernowitz ru<br \/>\nm\u00e4nisch und hei\u00dft ab jetzt Cernauti. Sie nimmt ein Studium auf und heiratet 1921 Ignaz Ausl\u00e4nder. Beide entschlie\u00dfen sich zur Auswanderung in die USA. Nach ihrer Scheidung kehrt sie 1931 nach Czernowitz zur\u00fcck. 1939 erscheint ihr erster Gedichtband. Nach der deutschen Besetzung 1941 wird sie mit ihrer Mutter zwangsumgesiedelt in das dortige Ghetto. Sie entgeht jedoch Zwangsarbeit und Deportation und \u00fcberlebte in einem Kellerversteck \u2013 unter schrecklichen Umst\u00e4nden. Nur mit Hilfe von Freunden verhungert sie nicht. 1944 wird das Ghetto befreit und sie geht wieder in die USA. Sie schreibt weiter Gedichte, zuerst auf englisch, dann sp\u00e4ter auf deutsch \u2013 in der Sprache der M\u00f6rder. Ab 1965 lebt sie bis zu ihrem Tod 1988 in D\u00fcsseldorf.<br \/>\nSie ver\u00f6ffentlichte zahlreiche Gedichtb\u00e4nde, die hohe Auflagen erreichen, und ist wohl die meist verlegte Nachkriegsdichterin in der Bundesrepublik.<\/p>\n<\/div>\n\t\t<div class=\"mc-location\"><div class=\"address location vcard\"><div class=\"adr h-card\"><div><strong class=\"location-link\">Mariendom Linz<\/strong><\/div><div class='sub-address'><div class=\"mc-events-link\"><a class=\"location-link\" href=\"https:\/\/www.paxchristi.at\/?mc-locations=mariendom-linz\">Veranstaltungsort anschauen<\/a><\/div><\/div><\/div><\/div><\/div>\n\t\t<div class=\"sharing\">\t<p class='mc-details'><a aria-label='mehr: ganzt\u00e4gig: Linz, Ausstellung der Friedensbibliothek Berlin im Linzer Mariendom' href='https:\/\/www.paxchristi.at\/?mc-events=linz-ausstellung-der-friedensbibliothek-berlin-im-linzer-mariendom-2&#038;mc_id=313'>mehr<\/a><\/p>\n<\/div>\n\t<\/div><!--end .details-->\n\t<\/div>\n\n<\/td>\n<\/tr>\n<!-- End Event Row -->\n\n<\/tbody>\n<\/table><\/div><!-- .mc-content -->\n<nav aria-label=\"Kalender (unten)\">\n<div class=\"mc_bottomnav my-calendar-footer\"><div class=\"category-key no-icons\"><h3 class=\"maybe-hide\">Kategorien<\/h3>\n<ul>\n<li class=\"cat_veranstaltung\"><a id=\"mc_cat_1-my-calendar\" href=\"https:\/\/www.paxchristi.at\/?page_id=9185&#038;rest_route=\/wp\/v2\/pages\/9185&#038;mcat=1\" ><span class=\"category-color-sample no-icon\" style=\"background:#ffffcc;\"> &nbsp; <\/span><span class=\"mc-category-title\">Veranstaltung<\/span><\/a><\/li><li class='all-categories'><span class='mc-active' id='mc_cat_all-my-calendar' tabindex='-1'>Alle Kategorien<\/span><\/li><\/ul><\/div><div class='mc-print'><a id='mc_print-my-calendar' href='https:\/\/www.paxchristi.at?rest_route=\/wp\/v2\/pages\/9185&#038;time=month&#038;yr=2026&#038;month=04&#038;dy=1&#038;href=https%3A%2F%2Fwww.paxchristi.at&#038;cid=mc-print-view'>Ansicht<span class=\"maybe-hide\"> ausdrucken<\/span><\/a><\/div><div class='mc-export mc-subscribe'>\r\n\t<ul><li class='ics google'><a href='webcal:\/\/www.paxchristi.at\/?feed=my-calendar-google'><span class=\"maybe-hide\">Eintragen in <\/span>Google<\/a><\/li><li class='ics outlook'><a href='webcal:\/\/www.paxchristi.at\/?feed=my-calendar-outlook'><span class=\"maybe-hide\">Eintragen in <\/span>Outlook<\/a><\/li><\/ul>\r\n<\/div><div class='mc-export mc-download'>\r\n\t<ul><li class='ics google'><a href='https:\/\/www.paxchristi.at\/?feed=my-calendar-ics&#038;rest_route=\/wp\/v2\/pages\/9185&#038;time=month&#038;yr=2026&#038;month=4&#038;dy=1&#038;nyr=2026&#038;nmonth=5&#038;export=google'><span class=\"maybe-hide\">Google-Export<\/span><\/a><\/li><li class='ics outlook'><a href='https:\/\/www.paxchristi.at\/?feed=my-calendar-ics&#038;rest_route=\/wp\/v2\/pages\/9185&#038;time=month&#038;yr=2026&#038;month=4&#038;dy=1&#038;nyr=2026&#038;nmonth=5&#038;export=outlook'><span class=\"maybe-hide\">Outlook-Export<\/span><\/a><\/li><\/ul>\r\n<\/div><\/div>\n<\/nav>\n\r\n<\/div>\n","protected":false},"excerpt":{"rendered":"","protected":false},"author":1,"featured_media":0,"parent":0,"menu_order":0,"comment_status":"closed","ping_status":"closed","template":"","meta":{"footnotes":"","_mc_calendar":[]},"_links":{"self":[{"href":"https:\/\/www.paxchristi.at\/index.php?rest_route=\/wp\/v2\/pages\/9185"}],"collection":[{"href":"https:\/\/www.paxchristi.at\/index.php?rest_route=\/wp\/v2\/pages"}],"about":[{"href":"https:\/\/www.paxchristi.at\/index.php?rest_route=\/wp\/v2\/types\/page"}],"author":[{"embeddable":true,"href":"https:\/\/www.paxchristi.at\/index.php?rest_route=\/wp\/v2\/users\/1"}],"replies":[{"embeddable":true,"href":"https:\/\/www.paxchristi.at\/index.php?rest_route=%2Fwp%2Fv2%2Fcomments&post=9185"}],"version-history":[{"count":4,"href":"https:\/\/www.paxchristi.at\/index.php?rest_route=\/wp\/v2\/pages\/9185\/revisions"}],"predecessor-version":[{"id":9200,"href":"https:\/\/www.paxchristi.at\/index.php?rest_route=\/wp\/v2\/pages\/9185\/revisions\/9200"}],"wp:attachment":[{"href":"https:\/\/www.paxchristi.at\/index.php?rest_route=%2Fwp%2Fv2%2Fmedia&parent=9185"}],"curies":[{"name":"wp","href":"https:\/\/api.w.org\/{rel}","templated":true}]}}